{"id":618,"date":"2023-04-11T01:40:26","date_gmt":"2023-04-10T22:40:26","guid":{"rendered":"https:\/\/ir.bilkent.edu.tr\/?page_id=618"},"modified":"2026-04-29T13:08:57","modified_gmt":"2026-04-29T10:08:57","slug":"events","status":"publish","type":"page","link":"https:\/\/ir.bilkent.edu.tr\/?page_id=618","title":{"rendered":"Events"},"content":{"rendered":"\n<div class=\"wp-block-media-text alignwide is-stacked-on-mobile is-vertically-aligned-top\" style=\"grid-template-columns:20% auto\"><figure class=\"wp-block-media-text__media\"><img decoding=\"async\" loading=\"lazy\" width=\"724\" height=\"1024\" src=\"https:\/\/ir.bilkent.edu.tr\/wp-content\/uploads\/2026\/04\/Adsiz-tasarim-1-724x1024.png\" alt=\"\" class=\"wp-image-4132 size-full\" srcset=\"https:\/\/ir.bilkent.edu.tr\/wp-content\/uploads\/2026\/04\/Adsiz-tasarim-1-724x1024.png 724w, https:\/\/ir.bilkent.edu.tr\/wp-content\/uploads\/2026\/04\/Adsiz-tasarim-1-212x300.png 212w, https:\/\/ir.bilkent.edu.tr\/wp-content\/uploads\/2026\/04\/Adsiz-tasarim-1-768x1086.png 768w, https:\/\/ir.bilkent.edu.tr\/wp-content\/uploads\/2026\/04\/Adsiz-tasarim-1-1086x1536.png 1086w, https:\/\/ir.bilkent.edu.tr\/wp-content\/uploads\/2026\/04\/Adsiz-tasarim-1-1448x2048.png 1448w, https:\/\/ir.bilkent.edu.tr\/wp-content\/uploads\/2026\/04\/Adsiz-tasarim-1.png 1587w\" sizes=\"(max-width: 724px) 100vw, 724px\" \/><\/figure><div class=\"wp-block-media-text__content\">\n<p><strong><strong>Bilkent IR Talks<\/strong><\/strong> <\/p>\n\n\n\n<p><strong><strong>Department of International Relations <\/strong>Talk<\/strong><\/p>\n\n\n\n<p><\/p>\n\n\n\n<p>&#8220;<strong><strong>Capacity, Lords and the Limits of Iron Fist Development (joint work with Pablo Beramendi and Berfin Baydar)<\/strong><\/strong>&#8220;<\/p>\n\n\n\n<p><strong>Speaker:<\/strong>&nbsp;Asl\u0131 Cansunar<br><strong>Date and Time:<\/strong>&nbsp;April 29, Wednesday, 2026, 12:30<\/p>\n\n\n\n<p><strong>Place<\/strong>: A-130 Seminar Room, Bilkent University, Ankara<\/p>\n\n\n\n<p><strong><a href=\"https:\/\/ir.bilkent.edu.tr\/?page_id=4087\" data-type=\"URL\" data-id=\"https:\/\/ir.bilkent.edu.tr\/?page_id=4087\" target=\"_blank\" rel=\"noreferrer noopener\">Follow this link<\/a><\/strong> to learn more about the event.<\/p>\n\n\n\n<p><\/p>\n\n\n\n<div style=\"height:100px\" aria-hidden=\"true\" class=\"wp-block-spacer\"><\/div>\n\n\n\n<div style=\"height:60px\" aria-hidden=\"true\" class=\"wp-block-spacer\"><\/div>\n<\/div><\/div>\n\n\n\n<div class=\"wp-block-media-text alignwide is-stacked-on-mobile is-vertically-aligned-top\" style=\"grid-template-columns:20% auto\"><figure class=\"wp-block-media-text__media\"><img decoding=\"async\" loading=\"lazy\" width=\"724\" height=\"1024\" src=\"https:\/\/ir.bilkent.edu.tr\/wp-content\/uploads\/2026\/04\/auu-724x1024.png\" alt=\"\" class=\"wp-image-4126 size-full\" srcset=\"https:\/\/ir.bilkent.edu.tr\/wp-content\/uploads\/2026\/04\/auu-724x1024.png 724w, https:\/\/ir.bilkent.edu.tr\/wp-content\/uploads\/2026\/04\/auu-212x300.png 212w, https:\/\/ir.bilkent.edu.tr\/wp-content\/uploads\/2026\/04\/auu-768x1086.png 768w, https:\/\/ir.bilkent.edu.tr\/wp-content\/uploads\/2026\/04\/auu-1086x1536.png 1086w, https:\/\/ir.bilkent.edu.tr\/wp-content\/uploads\/2026\/04\/auu-1448x2048.png 1448w, https:\/\/ir.bilkent.edu.tr\/wp-content\/uploads\/2026\/04\/auu.png 1587w\" sizes=\"(max-width: 724px) 100vw, 724px\" \/><\/figure><div class=\"wp-block-media-text__content\">\n<p><strong><strong>Bilkent IR Talks<\/strong><\/strong> <\/p>\n\n\n\n<p><strong><strong>Department of International Relations <\/strong>Talk<\/strong><\/p>\n\n\n\n<p><\/p>\n\n\n\n<p>&#8220;<strong><strong>Introducing the EU Foreign Interference Dataset: AI-Assisted, Machine-Readable Ontology for Multilingual FIMI Attributions<\/strong><\/strong>&#8220;<\/p>\n\n\n\n<p><strong>Speaker:<\/strong>&nbsp;Hamid Ak\u0131n \u00dcnver<br><strong>Date and Time:<\/strong>&nbsp;April 16 Thursday, 2026, 12:30<\/p>\n\n\n\n<p><strong>Place<\/strong>: A-130 Seminar Room, Bilkent University, Ankara<\/p>\n\n\n\n<p><strong><a href=\"https:\/\/ir.bilkent.edu.tr\/?page_id=4061\" data-type=\"URL\" data-id=\"https:\/\/ir.bilkent.edu.tr\/?page_id=4061\" target=\"_blank\" rel=\"noreferrer noopener\">Follow this link<\/a><\/strong> to learn more about the event.<\/p>\n\n\n\n<p><\/p>\n\n\n\n<div style=\"height:100px\" aria-hidden=\"true\" class=\"wp-block-spacer\"><\/div>\n\n\n\n<div style=\"height:60px\" aria-hidden=\"true\" class=\"wp-block-spacer\"><\/div>\n<\/div><\/div>\n\n\n\n<div class=\"wp-block-media-text alignwide is-stacked-on-mobile is-vertically-aligned-top\" style=\"grid-template-columns:20% auto\"><figure class=\"wp-block-media-text__media\"><img decoding=\"async\" loading=\"lazy\" width=\"724\" height=\"1024\" src=\"https:\/\/ir.bilkent.edu.tr\/wp-content\/uploads\/2026\/04\/jc-1-724x1024.png\" alt=\"\" class=\"wp-image-4127 size-full\" srcset=\"https:\/\/ir.bilkent.edu.tr\/wp-content\/uploads\/2026\/04\/jc-1-724x1024.png 724w, https:\/\/ir.bilkent.edu.tr\/wp-content\/uploads\/2026\/04\/jc-1-212x300.png 212w, https:\/\/ir.bilkent.edu.tr\/wp-content\/uploads\/2026\/04\/jc-1-768x1086.png 768w, https:\/\/ir.bilkent.edu.tr\/wp-content\/uploads\/2026\/04\/jc-1-1086x1536.png 1086w, https:\/\/ir.bilkent.edu.tr\/wp-content\/uploads\/2026\/04\/jc-1-1448x2048.png 1448w, https:\/\/ir.bilkent.edu.tr\/wp-content\/uploads\/2026\/04\/jc-1.png 1587w\" sizes=\"(max-width: 724px) 100vw, 724px\" \/><\/figure><div class=\"wp-block-media-text__content\">\n<p><strong><strong>Bilkent IR Talks<\/strong><\/strong> <\/p>\n\n\n\n<p><strong><strong>Department of International Relations <\/strong>Talk<\/strong><\/p>\n\n\n\n<p><\/p>\n\n\n\n<p><strong>&#8220;Global Economic Governance in Contest: UNCITRAL and the Multilateral Politics of ISDS Reform&#8221;<\/strong><\/p>\n\n\n\n<p><strong>Speaker:<\/strong>&nbsp;Julia Calvert<br><strong>Date and Time:<\/strong>&nbsp;April 9, Thursday, 2026, 12:30<\/p>\n\n\n\n<p><strong>Place<\/strong>: A-130 Seminar Room, Bilkent University, Ankara<\/p>\n\n\n\n<p><strong><a href=\"https:\/\/ir.bilkent.edu.tr\/?page_id=4026\" data-type=\"URL\" data-id=\"https:\/\/ir.bilkent.edu.tr\/?page_id=4026\" target=\"_blank\" rel=\"noreferrer noopener\">Follow this link<\/a><\/strong> to learn more about the event.<\/p>\n\n\n\n<p><\/p>\n\n\n\n<div style=\"height:100px\" aria-hidden=\"true\" class=\"wp-block-spacer\"><\/div>\n\n\n\n<div style=\"height:60px\" aria-hidden=\"true\" class=\"wp-block-spacer\"><\/div>\n<\/div><\/div>\n\n\n\n<div class=\"wp-block-media-text alignwide is-stacked-on-mobile is-vertically-aligned-top\" style=\"grid-template-columns:20% auto\"><figure class=\"wp-block-media-text__media\"><img decoding=\"async\" loading=\"lazy\" width=\"724\" height=\"1024\" src=\"https:\/\/ir.bilkent.edu.tr\/wp-content\/uploads\/2026\/03\/sv-1-724x1024.png\" alt=\"\" class=\"wp-image-3999 size-full\" srcset=\"https:\/\/ir.bilkent.edu.tr\/wp-content\/uploads\/2026\/03\/sv-1-724x1024.png 724w, https:\/\/ir.bilkent.edu.tr\/wp-content\/uploads\/2026\/03\/sv-1-212x300.png 212w, https:\/\/ir.bilkent.edu.tr\/wp-content\/uploads\/2026\/03\/sv-1-768x1086.png 768w, https:\/\/ir.bilkent.edu.tr\/wp-content\/uploads\/2026\/03\/sv-1-1086x1536.png 1086w, https:\/\/ir.bilkent.edu.tr\/wp-content\/uploads\/2026\/03\/sv-1-1448x2048.png 1448w, https:\/\/ir.bilkent.edu.tr\/wp-content\/uploads\/2026\/03\/sv-1.png 1587w\" sizes=\"(max-width: 724px) 100vw, 724px\" \/><\/figure><div class=\"wp-block-media-text__content\">\n<p><strong><strong>Bilkent IR Talks<\/strong><\/strong> <\/p>\n\n\n\n<p><strong><strong>Department of International Relations <\/strong>Talk<\/strong><\/p>\n\n\n\n<p><\/p>\n\n\n\n<p>&#8220;<strong>Why Election Boycotts May Not Be A Bad Idea ?&#8221; <strong>(with Jesper Bjarnesen and Gudlaug Olafsdottir)<\/strong><\/strong><\/p>\n\n\n\n<p><strong>Speaker:<\/strong>&nbsp;Sebastian van Baalen<br><strong>Date and Time:<\/strong>&nbsp;March 30, Monday, 2026, 12:30<\/p>\n\n\n\n<p><strong>Place<\/strong>: A-130 Seminar Room, Bilkent University, Ankara<\/p>\n\n\n\n<p><strong><a href=\"https:\/\/ir.bilkent.edu.tr\/?page_id=3994\" data-type=\"URL\" data-id=\"https:\/\/ir.bilkent.edu.tr\/?page_id=3994\" target=\"_blank\" rel=\"noreferrer noopener\">Follow this link<\/a><\/strong> to learn more about the event.<\/p>\n\n\n\n<p><\/p>\n\n\n\n<div style=\"height:100px\" aria-hidden=\"true\" class=\"wp-block-spacer\"><\/div>\n\n\n\n<div style=\"height:60px\" aria-hidden=\"true\" class=\"wp-block-spacer\"><\/div>\n<\/div><\/div>\n\n\n\n<div class=\"wp-block-media-text alignwide is-stacked-on-mobile is-vertically-aligned-top\" style=\"grid-template-columns:20% auto\"><figure class=\"wp-block-media-text__media\"><img decoding=\"async\" loading=\"lazy\" width=\"724\" height=\"1024\" src=\"https:\/\/ir.bilkent.edu.tr\/wp-content\/uploads\/2026\/03\/tlf3-724x1024.png\" alt=\"\" class=\"wp-image-3941 size-full\" srcset=\"https:\/\/ir.bilkent.edu.tr\/wp-content\/uploads\/2026\/03\/tlf3-724x1024.png 724w, https:\/\/ir.bilkent.edu.tr\/wp-content\/uploads\/2026\/03\/tlf3-212x300.png 212w, https:\/\/ir.bilkent.edu.tr\/wp-content\/uploads\/2026\/03\/tlf3-768x1086.png 768w, https:\/\/ir.bilkent.edu.tr\/wp-content\/uploads\/2026\/03\/tlf3-1086x1536.png 1086w, https:\/\/ir.bilkent.edu.tr\/wp-content\/uploads\/2026\/03\/tlf3-1448x2048.png 1448w, https:\/\/ir.bilkent.edu.tr\/wp-content\/uploads\/2026\/03\/tlf3.png 1587w\" sizes=\"(max-width: 724px) 100vw, 724px\" \/><\/figure><div class=\"wp-block-media-text__content\">\n<p><strong>Macroeconomics Seminar and<\/strong> <strong><strong>Bilkent IR Talks<\/strong><\/strong> <\/p>\n\n\n\n<p><strong><strong>Department of International Relations <\/strong>Talk<\/strong><\/p>\n\n\n\n<p><\/p>\n\n\n\n<p>&#8220;<strong>The Political Consequences of Economic Growth in the Neolithic&#8221;<\/strong><\/p>\n\n\n\n<p><strong>Speaker:<\/strong>&nbsp;Tanguy le Fur<br><strong>Date and Time:<\/strong>&nbsp;March 11, Wednesday, 2026, 15:30<\/p>\n\n\n\n<p><strong>Place<\/strong>: A-228 Seminar Room, Bilkent University, Ankara<\/p>\n\n\n\n<p><strong><a href=\"https:\/\/ir.bilkent.edu.tr\/?page_id=3904\" data-type=\"URL\" data-id=\"https:\/\/ir.bilkent.edu.tr\/?page_id=3904\" target=\"_blank\" rel=\"noreferrer noopener\">Follow this link<\/a><\/strong> to learn more about the event.<\/p>\n\n\n\n<p><\/p>\n\n\n\n<div style=\"height:100px\" aria-hidden=\"true\" class=\"wp-block-spacer\"><\/div>\n\n\n\n<div style=\"height:60px\" aria-hidden=\"true\" class=\"wp-block-spacer\"><\/div>\n<\/div><\/div>\n\n\n\n<div class=\"wp-block-media-text alignwide is-stacked-on-mobile is-vertically-aligned-top\" style=\"grid-template-columns:20% auto\"><figure class=\"wp-block-media-text__media\"><img decoding=\"async\" loading=\"lazy\" width=\"724\" height=\"1024\" src=\"https:\/\/ir.bilkent.edu.tr\/wp-content\/uploads\/2026\/03\/21-724x1024.png\" alt=\"\" class=\"wp-image-3927 size-full\" srcset=\"https:\/\/ir.bilkent.edu.tr\/wp-content\/uploads\/2026\/03\/21-724x1024.png 724w, https:\/\/ir.bilkent.edu.tr\/wp-content\/uploads\/2026\/03\/21-212x300.png 212w, https:\/\/ir.bilkent.edu.tr\/wp-content\/uploads\/2026\/03\/21-768x1086.png 768w, https:\/\/ir.bilkent.edu.tr\/wp-content\/uploads\/2026\/03\/21-1086x1536.png 1086w, https:\/\/ir.bilkent.edu.tr\/wp-content\/uploads\/2026\/03\/21-1448x2048.png 1448w, https:\/\/ir.bilkent.edu.tr\/wp-content\/uploads\/2026\/03\/21.png 1587w\" sizes=\"(max-width: 724px) 100vw, 724px\" \/><\/figure><div class=\"wp-block-media-text__content\">\n<p><strong><strong>Bilkent IR Talks<\/strong><\/strong> <\/p>\n\n\n\n<p><strong><strong>Department of International Relations <\/strong>Talk<\/strong><\/p>\n\n\n\n<p><\/p>\n\n\n\n<p>&#8220;<strong>K\u0131z\u0131l Y\u0131ld\u0131z: Sovyetler Birli\u011fi Tarihi&#8221;<\/strong><\/p>\n\n\n\n<p><strong>Speaker:<\/strong>&nbsp;Samuel J. Hirst &amp; Onur \u0130\u015f\u00e7i<br><strong>Date and Time:<\/strong>&nbsp;March 6, Friday, 2026, 12:30-13:30<\/p>\n\n\n\n<p><strong>Place<\/strong>: A-130 Seminar Room, Bilkent University, Ankara<\/p>\n\n\n\n<p><strong><a href=\"https:\/\/ir.bilkent.edu.tr\/?page_id=3870\" data-type=\"URL\" data-id=\"https:\/\/ir.bilkent.edu.tr\/?page_id=3870\" target=\"_blank\" rel=\"noreferrer noopener\">Follow this link<\/a><\/strong> to learn more about the event.<\/p>\n\n\n\n<p><\/p>\n\n\n\n<div style=\"height:100px\" aria-hidden=\"true\" class=\"wp-block-spacer\"><\/div>\n\n\n\n<div style=\"height:60px\" aria-hidden=\"true\" class=\"wp-block-spacer\"><\/div>\n<\/div><\/div>\n\n\n\n<div class=\"wp-block-media-text alignwide is-stacked-on-mobile is-vertically-aligned-top\" style=\"grid-template-columns:20% auto\"><figure class=\"wp-block-media-text__media\"><img decoding=\"async\" loading=\"lazy\" width=\"724\" height=\"1024\" src=\"https:\/\/ir.bilkent.edu.tr\/wp-content\/uploads\/2026\/03\/20-724x1024.png\" alt=\"\" class=\"wp-image-3926 size-full\" srcset=\"https:\/\/ir.bilkent.edu.tr\/wp-content\/uploads\/2026\/03\/20-724x1024.png 724w, https:\/\/ir.bilkent.edu.tr\/wp-content\/uploads\/2026\/03\/20-212x300.png 212w, https:\/\/ir.bilkent.edu.tr\/wp-content\/uploads\/2026\/03\/20-768x1086.png 768w, https:\/\/ir.bilkent.edu.tr\/wp-content\/uploads\/2026\/03\/20-1086x1536.png 1086w, https:\/\/ir.bilkent.edu.tr\/wp-content\/uploads\/2026\/03\/20-1448x2048.png 1448w, https:\/\/ir.bilkent.edu.tr\/wp-content\/uploads\/2026\/03\/20.png 1587w\" sizes=\"(max-width: 724px) 100vw, 724px\" \/><\/figure><div class=\"wp-block-media-text__content\">\n<p><strong><strong>Bilkent IR Talks<\/strong><\/strong> <\/p>\n\n\n\n<p><strong><strong>Department of International Relations <\/strong>Talk<\/strong><\/p>\n\n\n\n<p><\/p>\n\n\n\n<p>&#8220;<strong>Uluslararas\u0131 \u0130li\u015fkilerde G\u00fcncel Geli\u015fmeler: ABD, \u0130srail, \u0130ran \u00c7at\u0131\u015fmas\u0131&#8221;<\/strong><\/p>\n\n\n\n<p><strong>Speaker:<\/strong>&nbsp;Tu\u011fba Bayar, Se\u00e7kin K\u00f6stem, Efe Tokdemir, \u00d6mer Zarpl\u0131<br><strong>Date and Time:<\/strong>&nbsp;March 4, Wednesday, 2026, 16:30<\/p>\n\n\n\n<p><strong>Place<\/strong>: A-130 Seminar Room, Bilkent University, Ankara<\/p>\n\n\n\n<p><strong><a href=\"https:\/\/ir.bilkent.edu.tr\/?page_id=3891\" data-type=\"URL\" data-id=\"https:\/\/ir.bilkent.edu.tr\/?page_id=3891\" target=\"_blank\" rel=\"noreferrer noopener\">Follow this link<\/a><\/strong> to learn more about the event.<\/p>\n\n\n\n<p><\/p>\n\n\n\n<div style=\"height:100px\" aria-hidden=\"true\" class=\"wp-block-spacer\"><\/div>\n\n\n\n<div style=\"height:60px\" aria-hidden=\"true\" class=\"wp-block-spacer\"><\/div>\n<\/div><\/div>\n\n\n\n<div class=\"wp-block-media-text alignwide is-stacked-on-mobile is-vertically-aligned-top\" style=\"grid-template-columns:20% auto\"><figure class=\"wp-block-media-text__media\"><img decoding=\"async\" loading=\"lazy\" width=\"724\" height=\"1024\" src=\"https:\/\/ir.bilkent.edu.tr\/wp-content\/uploads\/2026\/03\/19-724x1024.png\" alt=\"\" class=\"wp-image-3924 size-full\" srcset=\"https:\/\/ir.bilkent.edu.tr\/wp-content\/uploads\/2026\/03\/19-724x1024.png 724w, https:\/\/ir.bilkent.edu.tr\/wp-content\/uploads\/2026\/03\/19-212x300.png 212w, https:\/\/ir.bilkent.edu.tr\/wp-content\/uploads\/2026\/03\/19-768x1086.png 768w, https:\/\/ir.bilkent.edu.tr\/wp-content\/uploads\/2026\/03\/19-1086x1536.png 1086w, https:\/\/ir.bilkent.edu.tr\/wp-content\/uploads\/2026\/03\/19-1448x2048.png 1448w, https:\/\/ir.bilkent.edu.tr\/wp-content\/uploads\/2026\/03\/19.png 1587w\" sizes=\"(max-width: 724px) 100vw, 724px\" \/><\/figure><div class=\"wp-block-media-text__content\">\n<p><strong><strong>Bilkent IR Talks<\/strong><\/strong> <\/p>\n\n\n\n<p><strong><strong>Department of International Relations <\/strong>Talk<\/strong><\/p>\n\n\n\n<p><\/p>\n\n\n\n<p>&#8220;<strong>Lockean Liberalism in IR&#8221;<\/strong><\/p>\n\n\n\n<p><strong>Speaker:<\/strong>&nbsp;Alexandru V. Grigorescu<br><strong>Date and Time:<\/strong>&nbsp;March 3, Tuesday, 2026, 12:30-13:30<\/p>\n\n\n\n<p><strong>Place<\/strong>: A-130 Seminar Room, Bilkent University, Ankara<\/p>\n\n\n\n<p><strong><a href=\"https:\/\/ir.bilkent.edu.tr\/?page_id=3864\" data-type=\"URL\" data-id=\"https:\/\/ir.bilkent.edu.tr\/?page_id=3864\" target=\"_blank\" rel=\"noreferrer noopener\">Follow this link<\/a><\/strong> to learn more about the event.<\/p>\n\n\n\n<p><\/p>\n\n\n\n<div style=\"height:100px\" aria-hidden=\"true\" class=\"wp-block-spacer\"><\/div>\n\n\n\n<div style=\"height:60px\" aria-hidden=\"true\" class=\"wp-block-spacer\"><\/div>\n<\/div><\/div>\n\n\n\n<div class=\"wp-block-media-text alignwide is-stacked-on-mobile is-vertically-aligned-top\" style=\"grid-template-columns:20% auto\"><figure class=\"wp-block-media-text__media\"><img decoding=\"async\" loading=\"lazy\" width=\"724\" height=\"1024\" src=\"https:\/\/ir.bilkent.edu.tr\/wp-content\/uploads\/2026\/03\/Adsiz-tasarim-5-724x1024.png\" alt=\"\" class=\"wp-image-3915 size-full\" srcset=\"https:\/\/ir.bilkent.edu.tr\/wp-content\/uploads\/2026\/03\/Adsiz-tasarim-5-724x1024.png 724w, https:\/\/ir.bilkent.edu.tr\/wp-content\/uploads\/2026\/03\/Adsiz-tasarim-5-212x300.png 212w, https:\/\/ir.bilkent.edu.tr\/wp-content\/uploads\/2026\/03\/Adsiz-tasarim-5-768x1086.png 768w, https:\/\/ir.bilkent.edu.tr\/wp-content\/uploads\/2026\/03\/Adsiz-tasarim-5-1086x1536.png 1086w, https:\/\/ir.bilkent.edu.tr\/wp-content\/uploads\/2026\/03\/Adsiz-tasarim-5-1448x2048.png 1448w, https:\/\/ir.bilkent.edu.tr\/wp-content\/uploads\/2026\/03\/Adsiz-tasarim-5.png 1587w\" sizes=\"(max-width: 724px) 100vw, 724px\" \/><\/figure><div class=\"wp-block-media-text__content\">\n<p><strong><strong>Bilkent IR Talks<\/strong><\/strong> <\/p>\n\n\n\n<p><strong><strong>Department of International Relations <\/strong>Talk<\/strong><\/p>\n\n\n\n<p><\/p>\n\n\n\n<p>&#8220;<strong>Late Ottoman Origins of Modern Arabia&#8221;<\/strong><\/p>\n\n\n\n<p><strong>Speaker:<\/strong>&nbsp;\u00d6mer Topal<br><strong>Date and Time:<\/strong>&nbsp;March 2, Monday, 2026, 12:30-13:30<\/p>\n\n\n\n<p><strong>Place<\/strong>: A-130 Seminar Room, Bilkent University, Ankara<\/p>\n\n\n\n<p><strong><a href=\"https:\/\/ir.bilkent.edu.tr\/?page_id=3851\" data-type=\"URL\" data-id=\"https:\/\/ir.bilkent.edu.tr\/?page_id=3851\" target=\"_blank\" rel=\"noreferrer noopener\">Follow this link<\/a><\/strong> to learn more about the event.<\/p>\n\n\n\n<p><\/p>\n\n\n\n<div style=\"height:100px\" aria-hidden=\"true\" class=\"wp-block-spacer\"><\/div>\n\n\n\n<div style=\"height:60px\" aria-hidden=\"true\" class=\"wp-block-spacer\"><\/div>\n<\/div><\/div>\n\n\n\n<div class=\"wp-block-media-text alignwide is-stacked-on-mobile is-vertically-aligned-top\" style=\"grid-template-columns:20% auto\"><figure class=\"wp-block-media-text__media\"><img decoding=\"async\" loading=\"lazy\" width=\"724\" height=\"1024\" src=\"https:\/\/ir.bilkent.edu.tr\/wp-content\/uploads\/2026\/03\/Adsiz-tasarim-4-724x1024.png\" alt=\"\" class=\"wp-image-3912 size-full\" srcset=\"https:\/\/ir.bilkent.edu.tr\/wp-content\/uploads\/2026\/03\/Adsiz-tasarim-4-724x1024.png 724w, https:\/\/ir.bilkent.edu.tr\/wp-content\/uploads\/2026\/03\/Adsiz-tasarim-4-212x300.png 212w, https:\/\/ir.bilkent.edu.tr\/wp-content\/uploads\/2026\/03\/Adsiz-tasarim-4-768x1086.png 768w, https:\/\/ir.bilkent.edu.tr\/wp-content\/uploads\/2026\/03\/Adsiz-tasarim-4-1086x1536.png 1086w, https:\/\/ir.bilkent.edu.tr\/wp-content\/uploads\/2026\/03\/Adsiz-tasarim-4-1448x2048.png 1448w, https:\/\/ir.bilkent.edu.tr\/wp-content\/uploads\/2026\/03\/Adsiz-tasarim-4.png 1587w\" sizes=\"(max-width: 724px) 100vw, 724px\" \/><\/figure><div class=\"wp-block-media-text__content\">\n<p><strong><strong>Bilkent IR Talks<\/strong><\/strong> <\/p>\n\n\n\n<p><strong><strong>Department of International Relations <\/strong>Talk<\/strong><\/p>\n\n\n\n<p><\/p>\n\n\n\n<p><strong>&#8220;Reputation, Financial Networks, and Diplomacy: Count Giuseppe Volpi and the Building of Turkey\u2019s Central Bank&#8221;<\/strong><\/p>\n\n\n\n<p><strong>Speaker:<\/strong>&nbsp;Mehmet Do\u011far<br><strong>Date and Time:<\/strong>&nbsp;February 26, Thursday, 2026, 10:30-12:00<\/p>\n\n\n\n<p><strong>Place<\/strong>: A-130 Seminar Room, Bilkent University, Ankara<\/p>\n\n\n\n<p><strong><a href=\"https:\/\/ir.bilkent.edu.tr\/?page_id=3832\" data-type=\"URL\" data-id=\"https:\/\/ir.bilkent.edu.tr\/?page_id=3832\" target=\"_blank\" rel=\"noreferrer noopener\">Follow this link<\/a><\/strong> to learn more about the event.<\/p>\n\n\n\n<p><\/p>\n\n\n\n<p><\/p>\n\n\n\n<div style=\"height:100px\" aria-hidden=\"true\" class=\"wp-block-spacer\"><\/div>\n\n\n\n<div style=\"height:60px\" aria-hidden=\"true\" class=\"wp-block-spacer\"><\/div>\n<\/div><\/div>\n\n\n\n<div class=\"wp-block-media-text alignwide is-stacked-on-mobile is-vertically-aligned-top\" style=\"grid-template-columns:20% auto\"><figure class=\"wp-block-media-text__media\"><img decoding=\"async\" loading=\"lazy\" width=\"724\" height=\"1024\" src=\"https:\/\/ir.bilkent.edu.tr\/wp-content\/uploads\/2026\/03\/Adsiz-tasarim-6-724x1024.png\" alt=\"\" class=\"wp-image-3914 size-full\" srcset=\"https:\/\/ir.bilkent.edu.tr\/wp-content\/uploads\/2026\/03\/Adsiz-tasarim-6-724x1024.png 724w, https:\/\/ir.bilkent.edu.tr\/wp-content\/uploads\/2026\/03\/Adsiz-tasarim-6-212x300.png 212w, https:\/\/ir.bilkent.edu.tr\/wp-content\/uploads\/2026\/03\/Adsiz-tasarim-6-768x1086.png 768w, https:\/\/ir.bilkent.edu.tr\/wp-content\/uploads\/2026\/03\/Adsiz-tasarim-6-1086x1536.png 1086w, https:\/\/ir.bilkent.edu.tr\/wp-content\/uploads\/2026\/03\/Adsiz-tasarim-6-1448x2048.png 1448w, https:\/\/ir.bilkent.edu.tr\/wp-content\/uploads\/2026\/03\/Adsiz-tasarim-6.png 1587w\" sizes=\"(max-width: 724px) 100vw, 724px\" \/><\/figure><div class=\"wp-block-media-text__content\">\n<p><strong><strong>Bilkent Library Lunchtime Lecture<\/strong><\/strong> <\/p>\n\n\n\n<p><\/p>\n\n\n\n<p><strong>&#8220;Countering Insurgency \/ Terrorism: Severing the Ties Between Non-State Armed Actors &amp; Their Constituency&#8221;<\/strong><\/p>\n\n\n\n<p><\/p>\n\n\n\n<p><strong>Speaker:<\/strong>&nbsp;Efe Tokdemir<br><strong>Date and Time:<\/strong>&nbsp;February 25, Wednesday, 2026, 12:30-13:30<\/p>\n\n\n\n<p><strong>Place<\/strong>: Main Campus Library, Art Gallery, Bilkent University, Ankara<\/p>\n\n\n\n<p><strong><a href=\"https:\/\/ir.bilkent.edu.tr\/?page_id=3816\" data-type=\"URL\" data-id=\"https:\/\/ir.bilkent.edu.tr\/?page_id=3816\" target=\"_blank\" rel=\"noreferrer noopener\">Follow this link<\/a><\/strong> to learn more about the event.<\/p>\n\n\n\n<p><\/p>\n\n\n\n<p><\/p>\n\n\n\n<div style=\"height:100px\" aria-hidden=\"true\" class=\"wp-block-spacer\"><\/div>\n\n\n\n<div style=\"height:60px\" aria-hidden=\"true\" class=\"wp-block-spacer\"><\/div>\n<\/div><\/div>\n\n\n\n<div class=\"wp-block-media-text alignwide is-stacked-on-mobile is-vertically-aligned-top\" style=\"grid-template-columns:20% auto\"><figure class=\"wp-block-media-text__media\"><img decoding=\"async\" loading=\"lazy\" width=\"724\" height=\"1024\" src=\"https:\/\/ir.bilkent.edu.tr\/wp-content\/uploads\/2026\/03\/Adsiz-tasarim-3-724x1024.png\" alt=\"\" class=\"wp-image-3911 size-full\" srcset=\"https:\/\/ir.bilkent.edu.tr\/wp-content\/uploads\/2026\/03\/Adsiz-tasarim-3-724x1024.png 724w, https:\/\/ir.bilkent.edu.tr\/wp-content\/uploads\/2026\/03\/Adsiz-tasarim-3-212x300.png 212w, https:\/\/ir.bilkent.edu.tr\/wp-content\/uploads\/2026\/03\/Adsiz-tasarim-3-768x1086.png 768w, https:\/\/ir.bilkent.edu.tr\/wp-content\/uploads\/2026\/03\/Adsiz-tasarim-3-1086x1536.png 1086w, https:\/\/ir.bilkent.edu.tr\/wp-content\/uploads\/2026\/03\/Adsiz-tasarim-3-1448x2048.png 1448w, https:\/\/ir.bilkent.edu.tr\/wp-content\/uploads\/2026\/03\/Adsiz-tasarim-3.png 1587w\" sizes=\"(max-width: 724px) 100vw, 724px\" \/><\/figure><div class=\"wp-block-media-text__content\">\n<p><strong><strong>Bilkent IR Talks<\/strong><\/strong> <\/p>\n\n\n\n<p><strong><strong>Department of International Relations <\/strong>Talk<\/strong><\/p>\n\n\n\n<p><strong>&#8220;Building and Contesting Nuclear Order: France\u2019s Atomic Tests in Algeria and the Transnational Politics of Proliferation&#8221;<\/strong><\/p>\n\n\n\n<p><strong>Speaker:<\/strong>&nbsp;Leyla Tiglay<br><strong>Date and Time:<\/strong>&nbsp;February 23, Monday, 2026, 12:30-13:30<\/p>\n\n\n\n<p><strong>Place<\/strong>: A-130 Seminar Room, Bilkent University, Ankara<\/p>\n\n\n\n<p><strong><a href=\"https:\/\/ir.bilkent.edu.tr\/?page_id=3822\" data-type=\"URL\" data-id=\"https:\/\/ir.bilkent.edu.tr\/?page_id=3822\" target=\"_blank\" rel=\"noreferrer noopener\">Follow this link<\/a><\/strong> to learn more about the event.<\/p>\n\n\n\n<p><\/p>\n\n\n\n<p><\/p>\n\n\n\n<div style=\"height:100px\" aria-hidden=\"true\" class=\"wp-block-spacer\"><\/div>\n\n\n\n<div style=\"height:60px\" aria-hidden=\"true\" class=\"wp-block-spacer\"><\/div>\n<\/div><\/div>\n\n\n\n<div class=\"wp-block-media-text alignwide is-stacked-on-mobile is-vertically-aligned-top\" style=\"grid-template-columns:20% auto\"><figure class=\"wp-block-media-text__media\"><img decoding=\"async\" loading=\"lazy\" width=\"724\" height=\"1024\" src=\"https:\/\/ir.bilkent.edu.tr\/wp-content\/uploads\/2026\/03\/Adsiz-tasarim-2-1-724x1024.png\" alt=\"\" class=\"wp-image-3910 size-full\" srcset=\"https:\/\/ir.bilkent.edu.tr\/wp-content\/uploads\/2026\/03\/Adsiz-tasarim-2-1-724x1024.png 724w, https:\/\/ir.bilkent.edu.tr\/wp-content\/uploads\/2026\/03\/Adsiz-tasarim-2-1-212x300.png 212w, https:\/\/ir.bilkent.edu.tr\/wp-content\/uploads\/2026\/03\/Adsiz-tasarim-2-1-768x1086.png 768w, https:\/\/ir.bilkent.edu.tr\/wp-content\/uploads\/2026\/03\/Adsiz-tasarim-2-1-1086x1536.png 1086w, https:\/\/ir.bilkent.edu.tr\/wp-content\/uploads\/2026\/03\/Adsiz-tasarim-2-1-1448x2048.png 1448w, https:\/\/ir.bilkent.edu.tr\/wp-content\/uploads\/2026\/03\/Adsiz-tasarim-2-1.png 1587w\" sizes=\"(max-width: 724px) 100vw, 724px\" \/><\/figure><div class=\"wp-block-media-text__content\">\n<p><strong><strong>Bilkent IR Talks<\/strong><\/strong> <\/p>\n\n\n\n<p><strong><strong>Department of International Relations <\/strong>Talk<\/strong><\/p>\n\n\n\n<p><strong>&#8220;International Institutions and Bilateral Relationships: How Structures Evolve Together&#8221;<\/strong><\/p>\n\n\n\n<p><strong>Speaker:<\/strong>&nbsp;Michael McCall<br><strong>Date and Time:<\/strong>&nbsp;February 12, Thursday, 2026, 12:30-13:30<\/p>\n\n\n\n<p><strong>Place<\/strong>: A-130 Seminar Room, Bilkent University, Ankara<\/p>\n\n\n\n<p><strong><a rel=\"noreferrer noopener\" href=\"https:\/\/ir.bilkent.edu.tr\/?page_id=3739\" data-type=\"URL\" data-id=\"https:\/\/ir.bilkent.edu.tr\/?page_id=3739\" target=\"_blank\">F<\/a><a href=\"https:\/\/ir.bilkent.edu.tr\/?page_id=3797\" data-type=\"URL\" data-id=\"https:\/\/ir.bilkent.edu.tr\/?page_id=3797\" target=\"_blank\" rel=\"noreferrer noopener\">ollow this link<\/a><\/strong> to learn more about the event.<\/p>\n\n\n\n<p><\/p>\n\n\n\n<p><\/p>\n\n\n\n<div style=\"height:100px\" aria-hidden=\"true\" class=\"wp-block-spacer\"><\/div>\n\n\n\n<div style=\"height:60px\" aria-hidden=\"true\" class=\"wp-block-spacer\"><\/div>\n<\/div><\/div>\n\n\n\n<div class=\"wp-block-media-text alignwide is-stacked-on-mobile is-vertically-aligned-top\" style=\"grid-template-columns:20% auto\"><figure class=\"wp-block-media-text__media\"><img decoding=\"async\" loading=\"lazy\" width=\"724\" height=\"1024\" src=\"https:\/\/ir.bilkent.edu.tr\/wp-content\/uploads\/2026\/03\/Adsiz-tasarim-1-1-724x1024.png\" alt=\"\" class=\"wp-image-3908 size-full\" srcset=\"https:\/\/ir.bilkent.edu.tr\/wp-content\/uploads\/2026\/03\/Adsiz-tasarim-1-1-724x1024.png 724w, https:\/\/ir.bilkent.edu.tr\/wp-content\/uploads\/2026\/03\/Adsiz-tasarim-1-1-212x300.png 212w, https:\/\/ir.bilkent.edu.tr\/wp-content\/uploads\/2026\/03\/Adsiz-tasarim-1-1-768x1086.png 768w, https:\/\/ir.bilkent.edu.tr\/wp-content\/uploads\/2026\/03\/Adsiz-tasarim-1-1-1086x1536.png 1086w, https:\/\/ir.bilkent.edu.tr\/wp-content\/uploads\/2026\/03\/Adsiz-tasarim-1-1-1448x2048.png 1448w, https:\/\/ir.bilkent.edu.tr\/wp-content\/uploads\/2026\/03\/Adsiz-tasarim-1-1.png 1587w\" sizes=\"(max-width: 724px) 100vw, 724px\" \/><\/figure><div class=\"wp-block-media-text__content\">\n<p><strong><strong>Bilkent IR Talks<\/strong><\/strong> <\/p>\n\n\n\n<p><strong><strong>Department of International Relations <\/strong>Talk<\/strong><\/p>\n\n\n\n<p><strong>&#8220;Backtracking Under Scrutiny: Evidence and Regulation in the WTO&#8221;<\/strong><\/p>\n\n\n\n<p><strong>Speaker:<\/strong>&nbsp;Shing-hon Lam<br><strong>Date and Time:<\/strong>&nbsp;February 9, Monday, 2026, 12:30-13:30<\/p>\n\n\n\n<p><strong>Place<\/strong>: A-130 Seminar Room, Bilkent University, Ankara<\/p>\n\n\n\n<p><strong><a href=\"https:\/\/ir.bilkent.edu.tr\/?page_id=3774\" data-type=\"URL\" data-id=\"https:\/\/ir.bilkent.edu.tr\/?page_id=3774\" target=\"_blank\" rel=\"noreferrer noopener\">Follow this link<\/a><\/strong> to learn more about the event.<\/p>\n\n\n\n<p><\/p>\n\n\n\n<p><\/p>\n\n\n\n<div style=\"height:100px\" aria-hidden=\"true\" class=\"wp-block-spacer\"><\/div>\n\n\n\n<div style=\"height:60px\" aria-hidden=\"true\" class=\"wp-block-spacer\"><\/div>\n<\/div><\/div>\n\n\n\n<div class=\"wp-block-media-text alignwide is-stacked-on-mobile is-vertically-aligned-top\" style=\"grid-template-columns:20% auto\"><figure class=\"wp-block-media-text__media\"><img decoding=\"async\" loading=\"lazy\" width=\"724\" height=\"1024\" src=\"https:\/\/ir.bilkent.edu.tr\/wp-content\/uploads\/2026\/03\/Adsiz-tasarim-1-724x1024.png\" alt=\"\" class=\"wp-image-3857 size-full\" srcset=\"https:\/\/ir.bilkent.edu.tr\/wp-content\/uploads\/2026\/03\/Adsiz-tasarim-1-724x1024.png 724w, https:\/\/ir.bilkent.edu.tr\/wp-content\/uploads\/2026\/03\/Adsiz-tasarim-1-212x300.png 212w, https:\/\/ir.bilkent.edu.tr\/wp-content\/uploads\/2026\/03\/Adsiz-tasarim-1-768x1086.png 768w, https:\/\/ir.bilkent.edu.tr\/wp-content\/uploads\/2026\/03\/Adsiz-tasarim-1-1086x1536.png 1086w, https:\/\/ir.bilkent.edu.tr\/wp-content\/uploads\/2026\/03\/Adsiz-tasarim-1-1448x2048.png 1448w, https:\/\/ir.bilkent.edu.tr\/wp-content\/uploads\/2026\/03\/Adsiz-tasarim-1.png 1587w\" sizes=\"(max-width: 724px) 100vw, 724px\" \/><\/figure><div class=\"wp-block-media-text__content\">\n<p><strong><strong>Bilkent IR Talks<\/strong><\/strong> <\/p>\n\n\n\n<p><strong><strong>Department of International Relations <\/strong>Talk<\/strong><\/p>\n\n\n\n<p><strong>&#8220;Public Preferences, Gender, and Foreign Support for Armed Movements&#8221;<\/strong><\/p>\n\n\n\n<p><strong>Speaker:<\/strong>&nbsp;\u00c7a\u011flayan Ba\u015fer<br><strong>Date and Time:<\/strong>&nbsp;February 2, Monday, 2026, 12:30-13:30<\/p>\n\n\n\n<p><strong>Place<\/strong>: A-130 Seminar Room, Bilkent University, Ankara<\/p>\n\n\n\n<p><strong><a href=\"https:\/\/ir.bilkent.edu.tr\/?page_id=3739\" data-type=\"URL\" data-id=\"https:\/\/ir.bilkent.edu.tr\/?page_id=3739\" target=\"_blank\" rel=\"noreferrer noopener\">Follow this link<\/a><\/strong> to learn more about the event.<\/p>\n\n\n\n<p><\/p>\n\n\n\n<p><\/p>\n\n\n\n<div style=\"height:100px\" aria-hidden=\"true\" class=\"wp-block-spacer\"><\/div>\n\n\n\n<div style=\"height:60px\" aria-hidden=\"true\" class=\"wp-block-spacer\"><\/div>\n<\/div><\/div>\n\n\n\n<div class=\"wp-block-media-text alignwide is-stacked-on-mobile is-vertically-aligned-top\" style=\"grid-template-columns:20% auto\"><figure class=\"wp-block-media-text__media\"><img decoding=\"async\" loading=\"lazy\" width=\"724\" height=\"1024\" src=\"https:\/\/ir.bilkent.edu.tr\/wp-content\/uploads\/2026\/03\/Adsiz-tasarim-2-724x1024.png\" alt=\"\" class=\"wp-image-3858 size-full\" srcset=\"https:\/\/ir.bilkent.edu.tr\/wp-content\/uploads\/2026\/03\/Adsiz-tasarim-2-724x1024.png 724w, https:\/\/ir.bilkent.edu.tr\/wp-content\/uploads\/2026\/03\/Adsiz-tasarim-2-212x300.png 212w, https:\/\/ir.bilkent.edu.tr\/wp-content\/uploads\/2026\/03\/Adsiz-tasarim-2-768x1086.png 768w, https:\/\/ir.bilkent.edu.tr\/wp-content\/uploads\/2026\/03\/Adsiz-tasarim-2-1086x1536.png 1086w, https:\/\/ir.bilkent.edu.tr\/wp-content\/uploads\/2026\/03\/Adsiz-tasarim-2-1448x2048.png 1448w, https:\/\/ir.bilkent.edu.tr\/wp-content\/uploads\/2026\/03\/Adsiz-tasarim-2.png 1587w\" sizes=\"(max-width: 724px) 100vw, 724px\" \/><\/figure><div class=\"wp-block-media-text__content\">\n<p><strong><strong>Bilkent IR Talks<\/strong><\/strong> <\/p>\n\n\n\n<p><strong><strong>Department of International Relations <\/strong>Talk<\/strong><\/p>\n\n\n\n<p><strong>&#8220;US Intervention in Venezuela: Implications for Venezuela, the Americas, and the International Order&#8221;<\/strong><\/p>\n\n\n\n<p><strong>Speaker:<\/strong>&nbsp;Tudor Onea, Esra \u00c7uhadar, Crystal Whetstone<br><strong>Date and Time:<\/strong>&nbsp;January 27, Tuesday, 2026, 12:30-14:00<\/p>\n\n\n\n<p><strong>Place<\/strong>: A-130 Seminar Room, Bilkent University, Ankara<\/p>\n\n\n\n<p><strong><a href=\"https:\/\/ir.bilkent.edu.tr\/?page_id=3749\" data-type=\"URL\" data-id=\"https:\/\/ir.bilkent.edu.tr\/?page_id=3749\" target=\"_blank\" rel=\"noreferrer noopener\">Follow this link<\/a><\/strong> to learn more about the event.<\/p>\n\n\n\n<p><\/p>\n\n\n\n<p><\/p>\n\n\n\n<div style=\"height:100px\" aria-hidden=\"true\" class=\"wp-block-spacer\"><\/div>\n<\/div><\/div>\n\n\n\n<div class=\"wp-block-media-text alignwide is-stacked-on-mobile is-vertically-aligned-top\" style=\"grid-template-columns:19% auto\"><figure class=\"wp-block-media-text__media\"><img decoding=\"async\" loading=\"lazy\" width=\"724\" height=\"1024\" src=\"https:\/\/ir.bilkent.edu.tr\/wp-content\/uploads\/2025\/12\/AW-724x1024.png\" alt=\"\" class=\"wp-image-3702 size-full\" srcset=\"https:\/\/ir.bilkent.edu.tr\/wp-content\/uploads\/2025\/12\/AW-724x1024.png 724w, https:\/\/ir.bilkent.edu.tr\/wp-content\/uploads\/2025\/12\/AW-212x300.png 212w, https:\/\/ir.bilkent.edu.tr\/wp-content\/uploads\/2025\/12\/AW-768x1086.png 768w, https:\/\/ir.bilkent.edu.tr\/wp-content\/uploads\/2025\/12\/AW-1086x1536.png 1086w, https:\/\/ir.bilkent.edu.tr\/wp-content\/uploads\/2025\/12\/AW-1448x2048.png 1448w, https:\/\/ir.bilkent.edu.tr\/wp-content\/uploads\/2025\/12\/AW.png 1587w\" sizes=\"(max-width: 724px) 100vw, 724px\" \/><\/figure><div class=\"wp-block-media-text__content\">\n<p><strong><strong>Bilkent IR Talks<\/strong><\/strong> <\/p>\n\n\n\n<p><strong><strong>Department of International Relations <\/strong>Talk<\/strong><\/p>\n\n\n\n<p><strong>&#8220;Let\u2019s Agree on Poland: Lessons on Polarization, Populism, and Democracy from Poland and Turkey&#8221;<\/strong><\/p>\n\n\n\n<p><strong>Speaker:<\/strong>&nbsp;Anna Wojciuk<br><strong>Date and Time:<\/strong>&nbsp;December 16, Tuesday, 2025, 12:30-13:30<\/p>\n\n\n\n<p><strong>Place<\/strong>: A-130 Seminar Room, Bilkent University, Ankara<\/p>\n\n\n\n<p><strong><a href=\"https:\/\/ir.bilkent.edu.tr\/?page_id=3696\" data-type=\"URL\" data-id=\"https:\/\/ir.bilkent.edu.tr\/?page_id=3696\" target=\"_blank\" rel=\"noreferrer noopener\">Follow this link<\/a><\/strong> to learn more about the event.<\/p>\n\n\n\n<p><\/p>\n\n\n\n<p><\/p>\n\n\n\n<div style=\"height:100px\" aria-hidden=\"true\" class=\"wp-block-spacer\"><\/div>\n<\/div><\/div>\n\n\n\n<div class=\"wp-block-media-text alignwide is-stacked-on-mobile is-vertically-aligned-top\" style=\"grid-template-columns:19% auto\"><figure class=\"wp-block-media-text__media\"><img decoding=\"async\" loading=\"lazy\" width=\"724\" height=\"1024\" src=\"https:\/\/ir.bilkent.edu.tr\/wp-content\/uploads\/2025\/12\/tb-724x1024.png\" alt=\"\" class=\"wp-image-3693 size-full\" srcset=\"https:\/\/ir.bilkent.edu.tr\/wp-content\/uploads\/2025\/12\/tb-724x1024.png 724w, https:\/\/ir.bilkent.edu.tr\/wp-content\/uploads\/2025\/12\/tb-212x300.png 212w, https:\/\/ir.bilkent.edu.tr\/wp-content\/uploads\/2025\/12\/tb-768x1086.png 768w, https:\/\/ir.bilkent.edu.tr\/wp-content\/uploads\/2025\/12\/tb-1086x1536.png 1086w, https:\/\/ir.bilkent.edu.tr\/wp-content\/uploads\/2025\/12\/tb-1448x2048.png 1448w, https:\/\/ir.bilkent.edu.tr\/wp-content\/uploads\/2025\/12\/tb.png 1587w\" sizes=\"(max-width: 724px) 100vw, 724px\" \/><\/figure><div class=\"wp-block-media-text__content\">\n<p><strong><strong>Bilkent IR Talks<\/strong><\/strong> <\/p>\n\n\n\n<p><strong><strong>Department of International Relations <\/strong>Talk<\/strong><\/p>\n\n\n\n<p><strong>&#8220;The Rise and Relapse of European Human Rights in Turkey&#8221;<\/strong><\/p>\n\n\n\n<p><strong>Speaker:<\/strong>&nbsp;Tu\u011fba Bayar<br><strong>Date and Time:<\/strong>&nbsp;December 10, Wednesday, 2025, 12:30-13:30<\/p>\n\n\n\n<p><strong>Place<\/strong>: A-130 Seminar Room, Bilkent University, Ankara<\/p>\n\n\n\n<p><strong><a href=\"https:\/\/ir.bilkent.edu.tr\/?page_id=3667\" data-type=\"page\" data-id=\"3667\" target=\"_blank\" rel=\"noreferrer noopener\">Follow this link<\/a><\/strong> to learn more about the event.<\/p>\n\n\n\n<p><\/p>\n\n\n\n<p><\/p>\n\n\n\n<div style=\"height:100px\" aria-hidden=\"true\" class=\"wp-block-spacer\"><\/div>\n<\/div><\/div>\n\n\n\n<div class=\"wp-block-media-text alignwide is-stacked-on-mobile is-vertically-aligned-top\" style=\"grid-template-columns:19% auto\"><figure class=\"wp-block-media-text__media\"><img decoding=\"async\" loading=\"lazy\" width=\"724\" height=\"1024\" src=\"https:\/\/ir.bilkent.edu.tr\/wp-content\/uploads\/2025\/12\/events_cd-724x1024.png\" alt=\"\" class=\"wp-image-3689 size-full\" srcset=\"https:\/\/ir.bilkent.edu.tr\/wp-content\/uploads\/2025\/12\/events_cd-724x1024.png 724w, https:\/\/ir.bilkent.edu.tr\/wp-content\/uploads\/2025\/12\/events_cd-212x300.png 212w, https:\/\/ir.bilkent.edu.tr\/wp-content\/uploads\/2025\/12\/events_cd-768x1086.png 768w, https:\/\/ir.bilkent.edu.tr\/wp-content\/uploads\/2025\/12\/events_cd-1086x1536.png 1086w, https:\/\/ir.bilkent.edu.tr\/wp-content\/uploads\/2025\/12\/events_cd-1448x2048.png 1448w, https:\/\/ir.bilkent.edu.tr\/wp-content\/uploads\/2025\/12\/events_cd.png 1587w\" sizes=\"(max-width: 724px) 100vw, 724px\" \/><\/figure><div class=\"wp-block-media-text__content\">\n<p><strong><strong>Bilkent IR Talks<\/strong><\/strong> <\/p>\n\n\n\n<p><strong><strong>Department of International Relations <\/strong>Talk<\/strong><\/p>\n\n\n\n<p><strong>&#8220;<strong>Beyond the Deadlock: Youth Perspectives on Peace in Divided Cyprus<\/strong>&#8220;<\/strong><\/p>\n\n\n\n<p><strong>Speaker:<\/strong>&nbsp;Cihan Dizdaro\u011flu<br><strong>Date and Time:<\/strong>&nbsp;December 4, Thursday, 2025, 12:30-13:30<\/p>\n\n\n\n<p><strong>Place<\/strong>: A-130 Seminar Room, Bilkent University, Ankara<\/p>\n\n\n\n<p><strong><a href=\"https:\/\/ir.bilkent.edu.tr\/?page_id=3680\" data-type=\"URL\" data-id=\"https:\/\/ir.bilkent.edu.tr\/?page_id=3680\" target=\"_blank\" rel=\"noreferrer noopener\">Follow this link<\/a><\/strong> to learn more about the event.<\/p>\n\n\n\n<p><\/p>\n\n\n\n<p><\/p>\n\n\n\n<div style=\"height:100px\" aria-hidden=\"true\" class=\"wp-block-spacer\"><\/div>\n<\/div><\/div>\n\n\n\n<div class=\"wp-block-media-text alignwide is-stacked-on-mobile is-vertically-aligned-top\" style=\"grid-template-columns:19% auto\"><figure class=\"wp-block-media-text__media\"><img decoding=\"async\" loading=\"lazy\" width=\"724\" height=\"1024\" src=\"https:\/\/ir.bilkent.edu.tr\/wp-content\/uploads\/2025\/09\/bilg-724x1024.png\" alt=\"\" class=\"wp-image-3284 size-full\" srcset=\"https:\/\/ir.bilkent.edu.tr\/wp-content\/uploads\/2025\/09\/bilg-724x1024.png 724w, https:\/\/ir.bilkent.edu.tr\/wp-content\/uploads\/2025\/09\/bilg-212x300.png 212w, https:\/\/ir.bilkent.edu.tr\/wp-content\/uploads\/2025\/09\/bilg-768x1086.png 768w, https:\/\/ir.bilkent.edu.tr\/wp-content\/uploads\/2025\/09\/bilg-1086x1536.png 1086w, https:\/\/ir.bilkent.edu.tr\/wp-content\/uploads\/2025\/09\/bilg-1448x2048.png 1448w, https:\/\/ir.bilkent.edu.tr\/wp-content\/uploads\/2025\/09\/bilg.png 1587w\" sizes=\"(max-width: 724px) 100vw, 724px\" \/><\/figure><div class=\"wp-block-media-text__content\">\n<p><strong><strong>Bilkent IR Talks<\/strong><\/strong> <\/p>\n\n\n\n<p><strong> <strong>Department of International Relations &amp; Political Science Joint Seminar<\/strong><\/strong><\/p>\n\n\n\n<p><strong>&#8220;T\u00fcrkiye Cumhuriyeti\u2019nin \u0130lk Y\u00fcz Y\u0131l\u0131na G\u00fcvenlik Kavram\u0131 Penceresinden Bakmak (T\u00dcB\u0130TAK 1001 Proje Tan\u0131t\u0131m\u0131 ve \u0130lk Bulgular)&#8221;<\/strong> (Partly English)<\/p>\n\n\n\n<p><strong>Speakers:<\/strong>&nbsp; P\u0131nar Bilgin (Bilkent University) &amp; G\u00fcl\u015fah \u00c7apan (University of Erfurt)<br><strong>Date and Time:<\/strong>&nbsp;September 18, Thursday, 2025, 15:30-17:00<\/p>\n\n\n\n<p><strong>Place<\/strong>: A-130 Seminar Room, Bilkent University, Ankara<\/p>\n\n\n\n<p><strong><a href=\"https:\/\/ir.bilkent.edu.tr\/?page_id=3219\" data-type=\"URL\" data-id=\"https:\/\/ir.bilkent.edu.tr\/?page_id=3219\">Follow this link<\/a><\/strong> to learn more about the event.<\/p>\n\n\n\n<p><\/p>\n\n\n\n<p><\/p>\n\n\n\n<div style=\"height:100px\" aria-hidden=\"true\" class=\"wp-block-spacer\"><\/div>\n<\/div><\/div>\n\n\n\n<div class=\"wp-block-media-text alignwide is-stacked-on-mobile is-vertically-aligned-top\" style=\"grid-template-columns:19% auto\"><figure class=\"wp-block-media-text__media\"><img decoding=\"async\" loading=\"lazy\" width=\"724\" height=\"1024\" src=\"https:\/\/ir.bilkent.edu.tr\/wp-content\/uploads\/2025\/09\/Adsiz-tasarim-1-724x1024.png\" alt=\"\" class=\"wp-image-3204 size-full\" srcset=\"https:\/\/ir.bilkent.edu.tr\/wp-content\/uploads\/2025\/09\/Adsiz-tasarim-1-724x1024.png 724w, https:\/\/ir.bilkent.edu.tr\/wp-content\/uploads\/2025\/09\/Adsiz-tasarim-1-212x300.png 212w, https:\/\/ir.bilkent.edu.tr\/wp-content\/uploads\/2025\/09\/Adsiz-tasarim-1-768x1086.png 768w, https:\/\/ir.bilkent.edu.tr\/wp-content\/uploads\/2025\/09\/Adsiz-tasarim-1-1086x1536.png 1086w, https:\/\/ir.bilkent.edu.tr\/wp-content\/uploads\/2025\/09\/Adsiz-tasarim-1-1448x2048.png 1448w, https:\/\/ir.bilkent.edu.tr\/wp-content\/uploads\/2025\/09\/Adsiz-tasarim-1.png 1587w\" sizes=\"(max-width: 724px) 100vw, 724px\" \/><\/figure><div class=\"wp-block-media-text__content\">\n<p><strong><strong>Bilkent IR Talks<\/strong><\/strong> <\/p>\n\n\n\n<p><strong> <strong>Department of International Relations &amp; Political Science Joint Seminar<\/strong><\/strong><\/p>\n\n\n\n<p><strong>&#8220;Thinking Globally about World Politics: Case Studies&#8221;<\/strong><\/p>\n\n\n\n<p><strong>Speakers:<\/strong>&nbsp;Monica Herz (PUC-Rio), Karen Smith (University of Leiden), P\u0131nar Bilgin (Bilkent University)<br><strong>Date and Time:<\/strong>&nbsp;September 9, Tuesday, 2025, 15:30-17:00<\/p>\n\n\n\n<p><strong>Place<\/strong>: A-130 Seminar Room, Bilkent University, Ankara<\/p>\n\n\n\n<p><strong><a href=\"https:\/\/ir.bilkent.edu.tr\/?page_id=3183\" data-type=\"URL\" data-id=\"https:\/\/ir.bilkent.edu.tr\/?page_id=3183\">Follow this link<\/a><\/strong> to learn more about the event.<\/p>\n\n\n\n<p><\/p>\n\n\n\n<p><\/p>\n<\/div><\/div>\n\n\n\n<div style=\"height:100px\" aria-hidden=\"true\" class=\"wp-block-spacer\"><\/div>\n\n\n\n<div class=\"wp-block-media-text alignwide is-stacked-on-mobile is-vertically-aligned-top\" style=\"grid-template-columns:19% auto\"><figure class=\"wp-block-media-text__media\"><img decoding=\"async\" loading=\"lazy\" width=\"724\" height=\"1024\" src=\"https:\/\/ir.bilkent.edu.tr\/wp-content\/uploads\/2025\/09\/Adsiz-tasarim-2-724x1024.png\" alt=\"\" class=\"wp-image-3278 size-full\" srcset=\"https:\/\/ir.bilkent.edu.tr\/wp-content\/uploads\/2025\/09\/Adsiz-tasarim-2-724x1024.png 724w, https:\/\/ir.bilkent.edu.tr\/wp-content\/uploads\/2025\/09\/Adsiz-tasarim-2-212x300.png 212w, https:\/\/ir.bilkent.edu.tr\/wp-content\/uploads\/2025\/09\/Adsiz-tasarim-2-768x1086.png 768w, https:\/\/ir.bilkent.edu.tr\/wp-content\/uploads\/2025\/09\/Adsiz-tasarim-2-1086x1536.png 1086w, https:\/\/ir.bilkent.edu.tr\/wp-content\/uploads\/2025\/09\/Adsiz-tasarim-2-1448x2048.png 1448w, https:\/\/ir.bilkent.edu.tr\/wp-content\/uploads\/2025\/09\/Adsiz-tasarim-2.png 1587w\" sizes=\"(max-width: 724px) 100vw, 724px\" \/><\/figure><div class=\"wp-block-media-text__content\">\n<p><strong><strong>Bilkent IR Talks<\/strong><\/strong> <\/p>\n\n\n\n<p><strong> <strong>Department of International Relations &amp; Political Science Joint Seminar<\/strong><\/strong><\/p>\n\n\n\n<p><strong>&#8220;The Emerging International Peace System and How the Concept of Hybridity Can Help Us Understand It&#8221;<\/strong><\/p>\n\n\n\n<p><strong>Speaker:<\/strong>&nbsp;Roger Mac G\u0130nty<br><strong>Date and Time:<\/strong>&nbsp;September 8, Monday, 2025, 14:00<\/p>\n\n\n\n<p><strong>Place<\/strong>: A-130 Seminar Room, Bilkent University, Ankara<\/p>\n\n\n\n<p><strong><a href=\"https:\/\/ir.bilkent.edu.tr\/?page_id=3159\" data-type=\"URL\" data-id=\"https:\/\/ir.bilkent.edu.tr\/?page_id=3159\">Follow this link<\/a><\/strong> to learn more about the event.<\/p>\n\n\n\n<p><\/p>\n\n\n\n<p><\/p>\n\n\n\n<div style=\"height:100px\" aria-hidden=\"true\" class=\"wp-block-spacer\"><\/div>\n<\/div><\/div>\n\n\n\n<div class=\"wp-block-media-text alignwide is-stacked-on-mobile is-vertically-aligned-top\" style=\"grid-template-columns:19% auto\"><figure class=\"wp-block-media-text__media\"><img decoding=\"async\" loading=\"lazy\" width=\"724\" height=\"1024\" src=\"https:\/\/ir.bilkent.edu.tr\/wp-content\/uploads\/2025\/05\/Adsiz-tasarim-724x1024.png\" alt=\"\" class=\"wp-image-2906 size-full\" srcset=\"https:\/\/ir.bilkent.edu.tr\/wp-content\/uploads\/2025\/05\/Adsiz-tasarim-724x1024.png 724w, https:\/\/ir.bilkent.edu.tr\/wp-content\/uploads\/2025\/05\/Adsiz-tasarim-212x300.png 212w, https:\/\/ir.bilkent.edu.tr\/wp-content\/uploads\/2025\/05\/Adsiz-tasarim-768x1086.png 768w, https:\/\/ir.bilkent.edu.tr\/wp-content\/uploads\/2025\/05\/Adsiz-tasarim-1086x1536.png 1086w, https:\/\/ir.bilkent.edu.tr\/wp-content\/uploads\/2025\/05\/Adsiz-tasarim-1448x2048.png 1448w, https:\/\/ir.bilkent.edu.tr\/wp-content\/uploads\/2025\/05\/Adsiz-tasarim.png 1587w\" sizes=\"(max-width: 724px) 100vw, 724px\" \/><\/figure><div class=\"wp-block-media-text__content\">\n<p><strong><strong>Bilkent IR Talks<\/strong><\/strong> <\/p>\n\n\n\n<p><strong>Department of International Relations Talk<\/strong><\/p>\n\n\n\n<p><strong>&#8220;Understanding the Cyprus Conflict in the Age of Global Transformation&#8221;<\/strong><\/p>\n\n\n\n<p><strong>Speaker:<\/strong>&nbsp;Ahmet S\u00f6zen<br><strong>Date and Time:<\/strong>&nbsp;April 24, Thursday, 2025, 10:30-11:30<\/p>\n\n\n\n<p><strong>Place<\/strong>: A-130 Seminar Room, Bilkent University, Ankara<\/p>\n\n\n\n<p><strong><a href=\"https:\/\/ir.bilkent.edu.tr\/?page_id=2883\" data-type=\"URL\" data-id=\"https:\/\/ir.bilkent.edu.tr\/?page_id=2883\">Follow this link<\/a><\/strong> to learn more about the event.<\/p>\n\n\n\n<p><\/p>\n\n\n\n<p><\/p>\n\n\n\n<div style=\"height:100px\" aria-hidden=\"true\" class=\"wp-block-spacer\"><\/div>\n<\/div><\/div>\n\n\n\n<div class=\"wp-block-media-text alignwide is-stacked-on-mobile is-vertically-aligned-top\" style=\"grid-template-columns:19% auto\"><figure class=\"wp-block-media-text__media\"><img decoding=\"async\" loading=\"lazy\" width=\"724\" height=\"1024\" src=\"https:\/\/ir.bilkent.edu.tr\/wp-content\/uploads\/2025\/09\/Adsiz-tasarim-1-1-724x1024.png\" alt=\"\" class=\"wp-image-3280 size-full\" srcset=\"https:\/\/ir.bilkent.edu.tr\/wp-content\/uploads\/2025\/09\/Adsiz-tasarim-1-1-724x1024.png 724w, https:\/\/ir.bilkent.edu.tr\/wp-content\/uploads\/2025\/09\/Adsiz-tasarim-1-1-212x300.png 212w, https:\/\/ir.bilkent.edu.tr\/wp-content\/uploads\/2025\/09\/Adsiz-tasarim-1-1-768x1086.png 768w, https:\/\/ir.bilkent.edu.tr\/wp-content\/uploads\/2025\/09\/Adsiz-tasarim-1-1-1086x1536.png 1086w, https:\/\/ir.bilkent.edu.tr\/wp-content\/uploads\/2025\/09\/Adsiz-tasarim-1-1-1448x2048.png 1448w, https:\/\/ir.bilkent.edu.tr\/wp-content\/uploads\/2025\/09\/Adsiz-tasarim-1-1.png 1587w\" sizes=\"(max-width: 724px) 100vw, 724px\" \/><\/figure><div class=\"wp-block-media-text__content\">\n<p><strong><strong>Bilkent IR Talks<\/strong><\/strong> <\/p>\n\n\n\n<p><strong>Department of International Relations Talk<\/strong><\/p>\n\n\n\n<p><strong>&#8220;Middle Power Cooperation Between Turkey and Korea in Public Diplomacy: Turkey\u2019s Asia Anew Initiative and Korea\u2019s New Northern Policy&#8221;<\/strong><\/p>\n\n\n\n<p><strong>Speaker:<\/strong>&nbsp;Chong-Jin Oh, Hankuk University<br><strong>Date and Time:<\/strong>&nbsp;April 15, Tuesday, 2025, 10:30-12:30<\/p>\n\n\n\n<p><strong>Place<\/strong>: A-130 Seminar Room, Bilkent University, Ankara<\/p>\n\n\n\n<p><strong><a href=\"https:\/\/ir.bilkent.edu.tr\/?page_id=2837\" data-type=\"URL\" data-id=\"https:\/\/ir.bilkent.edu.tr\/?page_id=2837\">Follow this link<\/a><\/strong> to learn more about the event.<\/p>\n\n\n\n<p><\/p>\n\n\n\n<p><\/p>\n\n\n\n<div style=\"height:100px\" aria-hidden=\"true\" class=\"wp-block-spacer\"><\/div>\n<\/div><\/div>\n\n\n\n<div class=\"wp-block-media-text alignwide is-stacked-on-mobile is-vertically-aligned-top\" style=\"grid-template-columns:19% auto\"><figure class=\"wp-block-media-text__media\"><img decoding=\"async\" loading=\"lazy\" width=\"724\" height=\"1024\" src=\"https:\/\/ir.bilkent.edu.tr\/wp-content\/uploads\/2025\/04\/Adsiz-tasarim-1-1-724x1024.png\" alt=\"\" class=\"wp-image-2841 size-full\" srcset=\"https:\/\/ir.bilkent.edu.tr\/wp-content\/uploads\/2025\/04\/Adsiz-tasarim-1-1-724x1024.png 724w, https:\/\/ir.bilkent.edu.tr\/wp-content\/uploads\/2025\/04\/Adsiz-tasarim-1-1-212x300.png 212w, https:\/\/ir.bilkent.edu.tr\/wp-content\/uploads\/2025\/04\/Adsiz-tasarim-1-1-768x1086.png 768w, https:\/\/ir.bilkent.edu.tr\/wp-content\/uploads\/2025\/04\/Adsiz-tasarim-1-1-1086x1536.png 1086w, https:\/\/ir.bilkent.edu.tr\/wp-content\/uploads\/2025\/04\/Adsiz-tasarim-1-1-1448x2048.png 1448w, https:\/\/ir.bilkent.edu.tr\/wp-content\/uploads\/2025\/04\/Adsiz-tasarim-1-1.png 1587w\" sizes=\"(max-width: 724px) 100vw, 724px\" \/><\/figure><div class=\"wp-block-media-text__content\">\n<p><strong><strong>Bilkent IR Talks<\/strong><\/strong> <strong>&#8211; Melle Scholten<\/strong><\/p>\n\n\n\n<p><strong>Department of International Relations Talk<\/strong><\/p>\n\n\n\n<p><strong>&#8220;The Prodigal Child Returns? Attitudes Towards Return Migration in a Developing Economy<\/strong>&#8220;<br><strong>Speaker:<\/strong>&nbsp;Melle Scholten (University of Virginia)<br><strong>Date and Time:<\/strong>&nbsp;March 26, Wednesday, 2025, 12:30-14:30<\/p>\n\n\n\n<p><strong>Place<\/strong>: A-130 Seminar Room, Bilkent University, Ankara<\/p>\n\n\n\n<p><strong><a href=\"https:\/\/ir.bilkent.edu.tr\/?page_id=2790\" data-type=\"URL\" data-id=\"https:\/\/ir.bilkent.edu.tr\/?page_id=2790\">Follow this link<\/a><\/strong> to learn more about the event.<\/p>\n\n\n\n<p><\/p>\n\n\n\n<div style=\"height:100px\" aria-hidden=\"true\" class=\"wp-block-spacer\"><\/div>\n<\/div><\/div>\n\n\n\n<p><\/p>\n\n\n\n<p><\/p>\n\n\n\n<div class=\"wp-block-media-text alignwide is-stacked-on-mobile is-vertically-aligned-top\" style=\"grid-template-columns:19% auto\"><figure class=\"wp-block-media-text__media\"><img decoding=\"async\" loading=\"lazy\" width=\"724\" height=\"1024\" src=\"https:\/\/ir.bilkent.edu.tr\/wp-content\/uploads\/2025\/04\/2-724x1024.png\" alt=\"\" class=\"wp-image-2844 size-full\" srcset=\"https:\/\/ir.bilkent.edu.tr\/wp-content\/uploads\/2025\/04\/2-724x1024.png 724w, https:\/\/ir.bilkent.edu.tr\/wp-content\/uploads\/2025\/04\/2-212x300.png 212w, https:\/\/ir.bilkent.edu.tr\/wp-content\/uploads\/2025\/04\/2-768x1086.png 768w, https:\/\/ir.bilkent.edu.tr\/wp-content\/uploads\/2025\/04\/2-1086x1536.png 1086w, https:\/\/ir.bilkent.edu.tr\/wp-content\/uploads\/2025\/04\/2-1448x2048.png 1448w, https:\/\/ir.bilkent.edu.tr\/wp-content\/uploads\/2025\/04\/2.png 1587w\" sizes=\"(max-width: 724px) 100vw, 724px\" \/><\/figure><div class=\"wp-block-media-text__content\">\n<p><strong><strong>Bilkent IR Talks<\/strong><\/strong> <strong>&#8211; Hyerin Seo<\/strong><\/p>\n\n\n\n<p><strong>Department of International Relations Talk<\/strong><\/p>\n\n\n\n<p>&#8220;<strong>Everyday Nationalism Unleashed Online \u2014 Textual Evidence from South Korea During the 2022 World Cup Games<\/strong>&#8220;<\/p>\n\n\n\n<p><strong>Speaker:<\/strong>&nbsp;Hyerin Seo, Michigan State University<\/p>\n\n\n\n<p><strong>Date and Time:<\/strong>&nbsp;March 24, Monday, 2025, 14:30-15:30<\/p>\n\n\n\n<p><strong>Place<\/strong>: A-130 Seminar Room, Bilkent University, Ankara<\/p>\n\n\n\n<p><strong><a href=\"https:\/\/ir.bilkent.edu.tr\/?page_id=2785\" data-type=\"URL\" data-id=\"https:\/\/ir.bilkent.edu.tr\/?page_id=2785\">Follow this link<\/a><\/strong> to learn more about the event.<\/p>\n\n\n\n<p><\/p>\n\n\n\n<p><\/p>\n<\/div><\/div>\n\n\n\n<div style=\"height:64px\" aria-hidden=\"true\" class=\"wp-block-spacer\"><\/div>\n\n\n\n<p><\/p>\n\n\n\n<p><\/p>\n\n\n\n<div class=\"wp-block-media-text alignwide is-stacked-on-mobile is-vertically-aligned-top\" style=\"grid-template-columns:19% auto\"><figure class=\"wp-block-media-text__media\"><img decoding=\"async\" loading=\"lazy\" width=\"724\" height=\"1024\" src=\"https:\/\/ir.bilkent.edu.tr\/wp-content\/uploads\/2025\/04\/Adsiz-tasarim-2-1-724x1024.png\" alt=\"\" class=\"wp-image-2845 size-full\" srcset=\"https:\/\/ir.bilkent.edu.tr\/wp-content\/uploads\/2025\/04\/Adsiz-tasarim-2-1-724x1024.png 724w, https:\/\/ir.bilkent.edu.tr\/wp-content\/uploads\/2025\/04\/Adsiz-tasarim-2-1-212x300.png 212w, https:\/\/ir.bilkent.edu.tr\/wp-content\/uploads\/2025\/04\/Adsiz-tasarim-2-1-768x1086.png 768w, https:\/\/ir.bilkent.edu.tr\/wp-content\/uploads\/2025\/04\/Adsiz-tasarim-2-1-1086x1536.png 1086w, https:\/\/ir.bilkent.edu.tr\/wp-content\/uploads\/2025\/04\/Adsiz-tasarim-2-1-1448x2048.png 1448w, https:\/\/ir.bilkent.edu.tr\/wp-content\/uploads\/2025\/04\/Adsiz-tasarim-2-1.png 1587w\" sizes=\"(max-width: 724px) 100vw, 724px\" \/><\/figure><div class=\"wp-block-media-text__content\">\n<p><strong><strong>Bilkent IR Talks<\/strong><\/strong> <strong>&#8211; Dr. Rizwan Asghar<\/strong><\/p>\n\n\n\n<p><strong>Department of International Relations Talk<\/strong><\/p>\n\n\n\n<p>&#8220;<strong>Civilian Control of Political Decision-Making Institutions and Civil War&#8221;<\/strong><\/p>\n\n\n\n<p><\/p>\n\n\n\n<p><strong>Speaker:<\/strong>&nbsp;Dr. Rizwan Asghar (Trinity College Dublin)<\/p>\n\n\n\n<p><strong>Date and Time:<\/strong>&nbsp;March 21, Friday, 2025, 12:30-14:30<\/p>\n\n\n\n<p><strong>Place<\/strong>: A-130 Seminar Room, Bilkent University, Ankara<\/p>\n\n\n\n<p><strong><a href=\"https:\/\/ir.bilkent.edu.tr\/?page_id=2771\" data-type=\"URL\" data-id=\"https:\/\/ir.bilkent.edu.tr\/?page_id=2771\">Follow this link<\/a><\/strong> to learn more about the event.<\/p>\n\n\n\n<p><\/p>\n\n\n\n<p><\/p>\n<\/div><\/div>\n\n\n\n<div style=\"height:100px\" aria-hidden=\"true\" class=\"wp-block-spacer\"><\/div>\n\n\n\n<p><\/p>\n\n\n\n<p><\/p>\n\n\n\n<div class=\"wp-block-media-text alignwide is-stacked-on-mobile is-vertically-aligned-top\" style=\"grid-template-columns:19% auto\"><figure class=\"wp-block-media-text__media\"><img decoding=\"async\" loading=\"lazy\" width=\"724\" height=\"1024\" src=\"https:\/\/ir.bilkent.edu.tr\/wp-content\/uploads\/2025\/04\/1-724x1024.png\" alt=\"\" class=\"wp-image-2843 size-full\" srcset=\"https:\/\/ir.bilkent.edu.tr\/wp-content\/uploads\/2025\/04\/1-724x1024.png 724w, https:\/\/ir.bilkent.edu.tr\/wp-content\/uploads\/2025\/04\/1-212x300.png 212w, https:\/\/ir.bilkent.edu.tr\/wp-content\/uploads\/2025\/04\/1-768x1086.png 768w, https:\/\/ir.bilkent.edu.tr\/wp-content\/uploads\/2025\/04\/1-1086x1536.png 1086w, https:\/\/ir.bilkent.edu.tr\/wp-content\/uploads\/2025\/04\/1-1448x2048.png 1448w, https:\/\/ir.bilkent.edu.tr\/wp-content\/uploads\/2025\/04\/1.png 1587w\" sizes=\"(max-width: 724px) 100vw, 724px\" \/><\/figure><div class=\"wp-block-media-text__content\">\n<p><strong><strong>Bilkent IR Talks<\/strong><\/strong> <strong>&#8211; Dain Yoo<\/strong><\/p>\n\n\n\n<p><strong>Department of International Relations Talk<\/strong><\/p>\n\n\n\n<p>&#8220;<strong>Vague Anti-Terrorism Laws and State Repression: Introducing a Novel Measurement of Vagueness in Terrorism Definitions<\/strong>&#8220;<\/p>\n\n\n\n<p><strong>Speaker<\/strong>: Dain Yoo (Georgetown University)<\/p>\n\n\n\n<p><strong>Date<\/strong> <strong>and Time<\/strong>: March 18, Tuesday, 2025, 12:30-14:30<\/p>\n\n\n\n<p><strong>Place<\/strong>: A-130 Seminar Room, Bilkent University, Ankara<\/p>\n\n\n\n<p><strong><a href=\"https:\/\/ir.bilkent.edu.tr\/?page_id=2746\" data-type=\"URL\" data-id=\"https:\/\/ir.bilkent.edu.tr\/?page_id=2746\">Follow this link<\/a><\/strong> to learn more about the event.<\/p>\n\n\n\n<p><\/p>\n\n\n\n<p><\/p>\n\n\n\n<p><\/p>\n\n\n\n<p><\/p>\n\n\n\n<div style=\"height:100px\" aria-hidden=\"true\" class=\"wp-block-spacer\"><\/div>\n<\/div><\/div>\n\n\n\n<p><\/p>\n\n\n\n<p><\/p>\n\n\n\n<div class=\"wp-block-media-text alignwide is-stacked-on-mobile\" style=\"grid-template-columns:18% auto\"><figure class=\"wp-block-media-text__media\"><img decoding=\"async\" loading=\"lazy\" width=\"724\" height=\"1024\" src=\"https:\/\/ir.bilkent.edu.tr\/wp-content\/uploads\/2024\/11\/Archaeology-and-IR-724x1024.jpg\" alt=\"\" class=\"wp-image-2715 size-full\" srcset=\"https:\/\/ir.bilkent.edu.tr\/wp-content\/uploads\/2024\/11\/Archaeology-and-IR-724x1024.jpg 724w, https:\/\/ir.bilkent.edu.tr\/wp-content\/uploads\/2024\/11\/Archaeology-and-IR-212x300.jpg 212w, https:\/\/ir.bilkent.edu.tr\/wp-content\/uploads\/2024\/11\/Archaeology-and-IR-768x1086.jpg 768w, https:\/\/ir.bilkent.edu.tr\/wp-content\/uploads\/2024\/11\/Archaeology-and-IR-1086x1536.jpg 1086w, https:\/\/ir.bilkent.edu.tr\/wp-content\/uploads\/2024\/11\/Archaeology-and-IR-1448x2048.jpg 1448w, https:\/\/ir.bilkent.edu.tr\/wp-content\/uploads\/2024\/11\/Archaeology-and-IR.jpg 1587w\" sizes=\"(max-width: 724px) 100vw, 724px\" \/><\/figure><div class=\"wp-block-media-text__content\">\n<p><strong><strong>Bilkent IR Talks: Archaeology and IR<\/strong><\/strong><\/p>\n\n\n\n<p><strong>Department of International Relations Talk<\/strong><\/p>\n\n\n\n<p><strong>\u201cArchaeology and IR\u201d<\/strong><\/p>\n\n\n\n<p><strong>Speaker<\/strong>: Iver Neumann (Fridtjof Nansen Institute)<\/p>\n\n\n\n<p><strong>Date<\/strong>: Wednesday, October 23, 12:30 pm<\/p>\n\n\n\n<p><strong>Place<\/strong>: A-130 Seminar Room, Bilkent University, Ankara<\/p>\n\n\n\n<p><strong><a href=\"https:\/\/ir.bilkent.edu.tr\/?page_id=2607\">Follow this link<\/a><\/strong> to learn more about the event.<\/p>\n\n\n\n<p><\/p>\n<\/div><\/div>\n\n\n\n<div style=\"height:75px\" aria-hidden=\"true\" class=\"wp-block-spacer\"><\/div>\n\n\n\n<div class=\"wp-block-media-text alignwide is-stacked-on-mobile\" style=\"grid-template-columns:18% auto\"><figure class=\"wp-block-media-text__media\"><img decoding=\"async\" loading=\"lazy\" width=\"724\" height=\"1024\" src=\"https:\/\/ir.bilkent.edu.tr\/wp-content\/uploads\/2024\/11\/HIUI-2-724x1024.jpg\" alt=\"\" class=\"wp-image-2710 size-full\" srcset=\"https:\/\/ir.bilkent.edu.tr\/wp-content\/uploads\/2024\/11\/HIUI-2-724x1024.jpg 724w, https:\/\/ir.bilkent.edu.tr\/wp-content\/uploads\/2024\/11\/HIUI-2-212x300.jpg 212w, https:\/\/ir.bilkent.edu.tr\/wp-content\/uploads\/2024\/11\/HIUI-2-768x1086.jpg 768w, https:\/\/ir.bilkent.edu.tr\/wp-content\/uploads\/2024\/11\/HIUI-2-1086x1536.jpg 1086w, https:\/\/ir.bilkent.edu.tr\/wp-content\/uploads\/2024\/11\/HIUI-2-1448x2048.jpg 1448w, https:\/\/ir.bilkent.edu.tr\/wp-content\/uploads\/2024\/11\/HIUI-2.jpg 1587w\" sizes=\"(max-width: 724px) 100vw, 724px\" \/><\/figure><div class=\"wp-block-media-text__content\">\n<p><strong>Herkes \u0130\u00e7in Uluslararas\u0131 \u0130li\u015fkiler Semineri<\/strong>&#8211; <strong><strong>\u201cT\u00fcrk-Amerikan \u0130li\u015fkilerinin D\u00fcn\u00fc, Bug\u00fcn\u00fc, Yar\u0131n\u0131\u201d<\/strong><\/strong><\/p>\n\n\n\n<p><strong>International Relations for Everyone (in Turkish)<\/strong><\/p>\n\n\n\n<p><strong>Konu\u015fmac\u0131:<\/strong><\/p>\n\n\n\n<p>Ali \u015eevket Oval\u0131&nbsp;<\/p>\n\n\n\n<p><strong>Tarih<\/strong>: 16 Ekim 2024, 12:30<\/p>\n\n\n\n<p><strong>Yer<\/strong>: A130&nbsp;<\/p>\n\n\n\n<p>Bilkent University, Ankara<\/p>\n\n\n\n<p><strong><a href=\"https:\/\/ir.bilkent.edu.tr\/?page_id=2600\">Follow this link<\/a><\/strong> to learn more about the event.<\/p>\n\n\n\n<p><\/p>\n<\/div><\/div>\n\n\n\n<div style=\"height:75px\" aria-hidden=\"true\" class=\"wp-block-spacer\"><\/div>\n\n\n\n<div class=\"wp-block-media-text alignwide is-stacked-on-mobile\" style=\"grid-template-columns:18% auto\"><figure class=\"wp-block-media-text__media\"><img decoding=\"async\" loading=\"lazy\" width=\"724\" height=\"1024\" src=\"https:\/\/ir.bilkent.edu.tr\/wp-content\/uploads\/2024\/11\/Adsiz-tasarim-3-724x1024.jpg\" alt=\"\" class=\"wp-image-2709 size-full\" srcset=\"https:\/\/ir.bilkent.edu.tr\/wp-content\/uploads\/2024\/11\/Adsiz-tasarim-3-724x1024.jpg 724w, https:\/\/ir.bilkent.edu.tr\/wp-content\/uploads\/2024\/11\/Adsiz-tasarim-3-212x300.jpg 212w, https:\/\/ir.bilkent.edu.tr\/wp-content\/uploads\/2024\/11\/Adsiz-tasarim-3-768x1086.jpg 768w, https:\/\/ir.bilkent.edu.tr\/wp-content\/uploads\/2024\/11\/Adsiz-tasarim-3-1086x1536.jpg 1086w, https:\/\/ir.bilkent.edu.tr\/wp-content\/uploads\/2024\/11\/Adsiz-tasarim-3-1448x2048.jpg 1448w, https:\/\/ir.bilkent.edu.tr\/wp-content\/uploads\/2024\/11\/Adsiz-tasarim-3.jpg 1587w\" sizes=\"(max-width: 724px) 100vw, 724px\" \/><\/figure><div class=\"wp-block-media-text__content\">\n<p><strong>Herkes \u0130\u00e7in Uluslararas\u0131 \u0130li\u015fkiler Semineri<\/strong>&#8211; <strong>\u201cOrtado\u011fu\u2019da Son Geli\u015fmeler\u201d&nbsp;<\/strong><\/p>\n\n\n\n<p><strong>International Relations for Everyone (in Turkish)<\/strong><\/p>\n\n\n\n<p><strong>Konu\u015fmac\u0131lar:<\/strong><\/p>\n\n\n\n<p>\u00d6zlem T\u00fcr (ODT\u00dc)<\/p>\n\n\n\n<p>Serhat Erkmen (Pros&amp;Cons)<\/p>\n\n\n\n<p>\u00d6zg\u00fcr \u00d6zdamar (Bilkent)<\/p>\n\n\n\n<p><strong>Moderat\u00f6r:<\/strong><\/p>\n\n\n\n<p>Tu\u011fba Bayar (Bilkent)<\/p>\n\n\n\n<p><strong>7 Ekim Pazartesi, 12:30<\/strong><\/p>\n\n\n\n<p><strong>C Blok Amfi<\/strong><\/p>\n\n\n\n<p>GE puan\u0131 verilecektir.<\/p>\n\n\n\n<p><strong><a href=\"https:\/\/ir.bilkent.edu.tr\/?page_id=2593\">Follow this link<\/a><\/strong> to learn more about the event.<\/p>\n\n\n\n<p><\/p>\n<\/div><\/div>\n\n\n\n<div style=\"height:75px\" aria-hidden=\"true\" class=\"wp-block-spacer\"><\/div>\n\n\n\n<div class=\"wp-block-media-text alignwide is-stacked-on-mobile\" style=\"grid-template-columns:18% auto\"><figure class=\"wp-block-media-text__media\"><img decoding=\"async\" loading=\"lazy\" width=\"724\" height=\"1024\" src=\"https:\/\/ir.bilkent.edu.tr\/wp-content\/uploads\/2024\/11\/Adsiz-tasarim-1-724x1024.jpg\" alt=\"\" class=\"wp-image-2682 size-full\" srcset=\"https:\/\/ir.bilkent.edu.tr\/wp-content\/uploads\/2024\/11\/Adsiz-tasarim-1-724x1024.jpg 724w, https:\/\/ir.bilkent.edu.tr\/wp-content\/uploads\/2024\/11\/Adsiz-tasarim-1-212x300.jpg 212w, https:\/\/ir.bilkent.edu.tr\/wp-content\/uploads\/2024\/11\/Adsiz-tasarim-1-768x1086.jpg 768w, https:\/\/ir.bilkent.edu.tr\/wp-content\/uploads\/2024\/11\/Adsiz-tasarim-1-1086x1536.jpg 1086w, https:\/\/ir.bilkent.edu.tr\/wp-content\/uploads\/2024\/11\/Adsiz-tasarim-1-1448x2048.jpg 1448w, https:\/\/ir.bilkent.edu.tr\/wp-content\/uploads\/2024\/11\/Adsiz-tasarim-1.jpg 1587w\" sizes=\"(max-width: 724px) 100vw, 724px\" \/><\/figure><div class=\"wp-block-media-text__content\">\n<p><strong>Pathways for Global IR: A Debate<\/strong><\/p>\n\n\n\n<p><strong>Date<\/strong>: October 2, 2024, Wednesday<\/p>\n\n\n\n<p><strong>Time<\/strong>: 12:30 pm<\/p>\n\n\n\n<p><strong>Place<\/strong>: FEASS A-130<\/p>\n\n\n\n<p><strong>Speakers:<\/strong><\/p>\n\n\n\n<p>Ay\u015fe Zarakol<\/p>\n\n\n\n<p>Ersel Ayd\u0131nl\u0131<\/p>\n\n\n\n<p><strong>Moderator<\/strong>:<\/p>\n\n\n\n<p>Se\u00e7kin K\u00f6stem<\/p>\n\n\n\n<p><strong><a href=\"https:\/\/ir.bilkent.edu.tr\/?page_id=2575\">Follow this link<\/a><\/strong> to learn more about the event.<\/p>\n\n\n\n<p><\/p>\n<\/div><\/div>\n\n\n\n<div style=\"height:75px\" aria-hidden=\"true\" class=\"wp-block-spacer\"><\/div>\n\n\n\n<div class=\"wp-block-media-text alignwide is-stacked-on-mobile\" style=\"grid-template-columns:18% auto\"><figure class=\"wp-block-media-text__media\"><img decoding=\"async\" loading=\"lazy\" width=\"724\" height=\"1024\" src=\"https:\/\/ir.bilkent.edu.tr\/wp-content\/uploads\/2024\/11\/Adsiz-tasarim-2-724x1024.jpg\" alt=\"\" class=\"wp-image-2684 size-full\" srcset=\"https:\/\/ir.bilkent.edu.tr\/wp-content\/uploads\/2024\/11\/Adsiz-tasarim-2-724x1024.jpg 724w, https:\/\/ir.bilkent.edu.tr\/wp-content\/uploads\/2024\/11\/Adsiz-tasarim-2-212x300.jpg 212w, https:\/\/ir.bilkent.edu.tr\/wp-content\/uploads\/2024\/11\/Adsiz-tasarim-2-768x1086.jpg 768w, https:\/\/ir.bilkent.edu.tr\/wp-content\/uploads\/2024\/11\/Adsiz-tasarim-2-1086x1536.jpg 1086w, https:\/\/ir.bilkent.edu.tr\/wp-content\/uploads\/2024\/11\/Adsiz-tasarim-2-1448x2048.jpg 1448w, https:\/\/ir.bilkent.edu.tr\/wp-content\/uploads\/2024\/11\/Adsiz-tasarim-2.jpg 1587w\" sizes=\"(max-width: 724px) 100vw, 724px\" \/><\/figure><div class=\"wp-block-media-text__content\">\n<p><strong>Bilkent IR Talks- T\u00fcrkiye and NATO at 75<\/strong><\/p>\n\n\n\n<p>Department of International Relations Talk<br><strong>\u201cT\u00fcrkiye and NATO at 75\u201d<\/strong><\/p>\n\n\n\n<p><strong>Date and Time<\/strong>: June 3, Monday, 2024, 13:30<br><strong>Venue<\/strong>: A326 Seminar Room<\/p>\n\n\n\n<p><strong>Speakers<\/strong>:&nbsp;<br>Ambassador (R), Tacan \u0130ldem<br>Dr. John Olsen<\/p>\n\n\n\n<p><strong><a href=\"https:\/\/ir.bilkent.edu.tr\/?page_id=2391\">Follow this link<\/a><\/strong> to learn more about the event.<\/p>\n\n\n\n<p><\/p>\n<\/div><\/div>\n\n\n\n<div style=\"height:75px\" aria-hidden=\"true\" class=\"wp-block-spacer\"><\/div>\n\n\n\n<div class=\"wp-block-media-text alignwide is-stacked-on-mobile\" style=\"grid-template-columns:18% auto\"><figure class=\"wp-block-media-text__media\"><img decoding=\"async\" loading=\"lazy\" width=\"1024\" height=\"972\" src=\"https:\/\/ir.bilkent.edu.tr\/wp-content\/uploads\/2024\/05\/cho_profile-1024x972.png\" alt=\"\" class=\"wp-image-2396 size-full\" srcset=\"https:\/\/ir.bilkent.edu.tr\/wp-content\/uploads\/2024\/05\/cho_profile-1024x972.png 1024w, https:\/\/ir.bilkent.edu.tr\/wp-content\/uploads\/2024\/05\/cho_profile-300x285.png 300w, https:\/\/ir.bilkent.edu.tr\/wp-content\/uploads\/2024\/05\/cho_profile-768x729.png 768w, https:\/\/ir.bilkent.edu.tr\/wp-content\/uploads\/2024\/05\/cho_profile.png 1134w\" sizes=\"(max-width: 1024px) 100vw, 1024px\" \/><\/figure><div class=\"wp-block-media-text__content\">\n<p><strong>Bilkent IR Talks- <strong>ChaeEun Cho<\/strong><\/strong><\/p>\n\n\n\n<p>ChaeEun Cho<\/p>\n\n\n\n<p>Ph.D. Candidate in Political Science<\/p>\n\n\n\n<p>Vanderbilt University<\/p>\n\n\n\n<p>\u201cWho Gets on Board? The Role of Trade Export Similarity in Determining Participation in Economic Sanctions\u201d<\/p>\n\n\n\n<p>Date &amp; Time:&nbsp;May 29th, 10.30<\/p>\n\n\n\n<p>Venue: A-130&nbsp;Seminar Room<\/p>\n\n\n\n<p><strong><a href=\"https:\/\/ir.bilkent.edu.tr\/?page_id=2360\">Follow this link<\/a><\/strong> to learn more about the event.<\/p>\n\n\n\n<p><\/p>\n<\/div><\/div>\n\n\n\n<div style=\"height:75px\" aria-hidden=\"true\" class=\"wp-block-spacer\"><\/div>\n\n\n\n<div class=\"wp-block-media-text alignwide is-stacked-on-mobile\" style=\"grid-template-columns:18% auto\"><figure class=\"wp-block-media-text__media\"><img decoding=\"async\" loading=\"lazy\" width=\"1024\" height=\"683\" src=\"https:\/\/ir.bilkent.edu.tr\/wp-content\/uploads\/2024\/05\/DSF4695-1024x683.jpg\" alt=\"\" class=\"wp-image-2388 size-full\" srcset=\"https:\/\/ir.bilkent.edu.tr\/wp-content\/uploads\/2024\/05\/DSF4695-1024x683.jpg 1024w, https:\/\/ir.bilkent.edu.tr\/wp-content\/uploads\/2024\/05\/DSF4695-300x200.jpg 300w, https:\/\/ir.bilkent.edu.tr\/wp-content\/uploads\/2024\/05\/DSF4695-768x512.jpg 768w, https:\/\/ir.bilkent.edu.tr\/wp-content\/uploads\/2024\/05\/DSF4695-1536x1024.jpg 1536w, https:\/\/ir.bilkent.edu.tr\/wp-content\/uploads\/2024\/05\/DSF4695-2048x1365.jpg 2048w\" sizes=\"(max-width: 1024px) 100vw, 1024px\" \/><\/figure><div class=\"wp-block-media-text__content\">\n<p><strong>Bilkent IR Talks- \u00d6mer Faruk \u015een<\/strong><\/p>\n\n\n\n<p>\u00d6mer Faruk \u015een<\/p>\n\n\n\n<p>Ph.D. Candidate<\/p>\n\n\n\n<p>University of Missouri<\/p>\n\n\n\n<p><strong>\u201c<\/strong>Resisting Hegemony: De-Dollarizing through Gold<strong>\u201d<\/strong><\/p>\n\n\n\n<p>Date &amp; Time:&nbsp;May 27th, 10.30<\/p>\n\n\n\n<p>Venue: A-130&nbsp;Seminar Room<\/p>\n\n\n\n<p><strong><a href=\"https:\/\/ir.bilkent.edu.tr\/?page_id=2364\">Follow this link<\/a><\/strong> to learn more about the event.<\/p>\n\n\n\n<p><\/p>\n<\/div><\/div>\n\n\n\n<div style=\"height:75px\" aria-hidden=\"true\" class=\"wp-block-spacer\"><\/div>\n\n\n\n<div class=\"wp-block-media-text alignwide is-stacked-on-mobile\" style=\"grid-template-columns:18% auto\"><figure class=\"wp-block-media-text__media\"><img decoding=\"async\" loading=\"lazy\" width=\"818\" height=\"901\" src=\"https:\/\/ir.bilkent.edu.tr\/wp-content\/uploads\/2024\/05\/Resim1-1.jpg\" alt=\"\" class=\"wp-image-2384 size-full\" srcset=\"https:\/\/ir.bilkent.edu.tr\/wp-content\/uploads\/2024\/05\/Resim1-1.jpg 818w, https:\/\/ir.bilkent.edu.tr\/wp-content\/uploads\/2024\/05\/Resim1-1-272x300.jpg 272w, https:\/\/ir.bilkent.edu.tr\/wp-content\/uploads\/2024\/05\/Resim1-1-768x846.jpg 768w\" sizes=\"(max-width: 818px) 100vw, 818px\" \/><\/figure><div class=\"wp-block-media-text__content\">\n<p><strong>Bilkent IR Talks- \u00c7a\u011flayan Ba\u015fer<\/strong><\/p>\n\n\n\n<p>\u00c7a\u011flayan Ba\u015fer<\/p>\n\n\n\n<p>Syracuse University<\/p>\n\n\n\n<p>\u201cHow Conflict is Affected by Gender:&nbsp; Female Combatants, Gender Norms &amp; Rebel Survival\u201d<\/p>\n\n\n\n<p>Date &amp; Time:&nbsp;May 22nd, 10.30<\/p>\n\n\n\n<p>Venue: A-130 Seminar Room<\/p>\n\n\n\n<p><strong><a href=\"https:\/\/ir.bilkent.edu.tr\/?page_id=2349\">Follow this link<\/a><\/strong> to learn more about the event.<\/p>\n\n\n\n<p><\/p>\n<\/div><\/div>\n\n\n\n<div style=\"height:75px\" aria-hidden=\"true\" class=\"wp-block-spacer\"><\/div>\n\n\n\n<div class=\"wp-block-media-text alignwide is-stacked-on-mobile\" style=\"grid-template-columns:18% auto\"><figure class=\"wp-block-media-text__media\"><img decoding=\"async\" loading=\"lazy\" width=\"690\" height=\"913\" src=\"https:\/\/ir.bilkent.edu.tr\/wp-content\/uploads\/2024\/05\/Resim1.jpg\" alt=\"\" class=\"wp-image-2374 size-full\" srcset=\"https:\/\/ir.bilkent.edu.tr\/wp-content\/uploads\/2024\/05\/Resim1.jpg 690w, https:\/\/ir.bilkent.edu.tr\/wp-content\/uploads\/2024\/05\/Resim1-227x300.jpg 227w\" sizes=\"(max-width: 690px) 100vw, 690px\" \/><\/figure><div class=\"wp-block-media-text__content\">\n<p><strong>Bilkent IR Talks- Ekrem T. Ba\u015fer<\/strong><\/p>\n\n\n\n<p>Ekrem T. Ba\u015fer<\/p>\n\n\n\n<p>Syracuse University<\/p>\n\n\n\n<p>\u201cReputations, Foreign Direct Investment, and Contract Breach\u201d<\/p>\n\n\n\n<p>Date &amp; Time:&nbsp;May 20th, 10.30<\/p>\n\n\n\n<p>Venue: A-130&nbsp;Seminar Room<\/p>\n\n\n\n<p><strong><a href=\"https:\/\/ir.bilkent.edu.tr\/?page_id=2354\">Follow this link<\/a><\/strong> to learn more about the event.<\/p>\n\n\n\n<p><\/p>\n<\/div><\/div>\n\n\n\n<div style=\"height:75px\" aria-hidden=\"true\" class=\"wp-block-spacer\"><\/div>\n\n\n\n<div class=\"wp-block-media-text alignwide is-stacked-on-mobile\" style=\"grid-template-columns:18% auto\"><figure class=\"wp-block-media-text__media\"><img decoding=\"async\" loading=\"lazy\" width=\"1000\" height=\"600\" src=\"https:\/\/ir.bilkent.edu.tr\/wp-content\/uploads\/2024\/05\/women-in-IR.jpg\" alt=\"\" class=\"wp-image-2369 size-full\" srcset=\"https:\/\/ir.bilkent.edu.tr\/wp-content\/uploads\/2024\/05\/women-in-IR.jpg 1000w, https:\/\/ir.bilkent.edu.tr\/wp-content\/uploads\/2024\/05\/women-in-IR-300x180.jpg 300w, https:\/\/ir.bilkent.edu.tr\/wp-content\/uploads\/2024\/05\/women-in-IR-768x461.jpg 768w\" sizes=\"(max-width: 1000px) 100vw, 1000px\" \/><\/figure><div class=\"wp-block-media-text__content\">\n<p><strong>Bilkent IR Talks- Women in IR<\/strong><\/p>\n\n\n\n<p>On the occasion of International Women\u2019s Day, Department of International Relations is organizing a talk titled \u201cWomen in International Relations\u201d.&nbsp;<\/p>\n\n\n\n<p><strong>Date and Time:<\/strong>&nbsp;March 13, Wednesday, 2024, 3:30 pm&nbsp;<br><strong>Venue:<\/strong>&nbsp;C Auditorium, FEASS.&nbsp;<\/p>\n\n\n\n<p><strong>Speakers:<\/strong><br>Ambassador Zeynep Sibel Algan (Retired)&nbsp;<br>Ambassador Jill Morris (UK Ambassador to Ankara)&nbsp;<br>Professor \u00d6zlem T\u00fcr (METU)&nbsp;<br>Ambassador Ceren Yazgan (Ministry of Foreign Affairs, Turkey)&nbsp;<\/p>\n\n\n\n<p><strong><a href=\"https:\/\/ir.bilkent.edu.tr\/?page_id=2288\">Follow this link<\/a><\/strong> to learn more about the event.<\/p>\n\n\n\n<p><a href=\"https:\/\/bilkentnews.bilkent.edu.tr\/?p=6560\"><strong>Bilkent News<\/strong><\/a><\/p>\n\n\n\n<p><\/p>\n<\/div><\/div>\n\n\n\n<div style=\"height:75px\" aria-hidden=\"true\" class=\"wp-block-spacer\"><\/div>\n\n\n\n<div class=\"wp-block-media-text alignwide is-stacked-on-mobile\" style=\"grid-template-columns:18% auto\"><figure class=\"wp-block-media-text__media\"><img decoding=\"async\" loading=\"lazy\" width=\"1024\" height=\"683\" src=\"https:\/\/ir.bilkent.edu.tr\/wp-content\/uploads\/2024\/03\/Resim1-1024x683.jpg\" alt=\"\" class=\"wp-image-2296 size-full\" srcset=\"https:\/\/ir.bilkent.edu.tr\/wp-content\/uploads\/2024\/03\/Resim1-1024x683.jpg 1024w, https:\/\/ir.bilkent.edu.tr\/wp-content\/uploads\/2024\/03\/Resim1-300x200.jpg 300w, https:\/\/ir.bilkent.edu.tr\/wp-content\/uploads\/2024\/03\/Resim1-768x512.jpg 768w, https:\/\/ir.bilkent.edu.tr\/wp-content\/uploads\/2024\/03\/Resim1-1536x1024.jpg 1536w, https:\/\/ir.bilkent.edu.tr\/wp-content\/uploads\/2024\/03\/Resim1.jpg 1624w\" sizes=\"(max-width: 1024px) 100vw, 1024px\" \/><\/figure><div class=\"wp-block-media-text__content\">\n<p><strong>Bilkent IR Talks- Arda Ozansoy<\/strong><\/p>\n\n\n\n<p>Arda Ozansoy<\/p>\n\n\n\n<p>&#8220;Lessons from Turkey&#8217;s negotiations with the EEC: A Practical Perspective on IR&#8221;<\/p>\n\n\n\n<p><strong>Tarih &amp; Saat<\/strong>: February 19, 12:30<\/p>\n\n\n\n<p>A-130<\/p>\n\n\n\n<p><a href=\"https:\/\/ir.bilkent.edu.tr\/?page_id=2283\" target=\"_blank\" rel=\"noreferrer noopener\"><strong>Follow this link<\/strong><\/a> to learn more about the event. <\/p>\n<\/div><\/div>\n\n\n\n<div style=\"height:75px\" aria-hidden=\"true\" class=\"wp-block-spacer\"><\/div>\n\n\n\n<div class=\"wp-block-media-text alignwide is-stacked-on-mobile\" style=\"grid-template-columns:18% auto\"><figure class=\"wp-block-media-text__media\"><img decoding=\"async\" loading=\"lazy\" width=\"715\" height=\"715\" src=\"https:\/\/ir.bilkent.edu.tr\/wp-content\/uploads\/2024\/02\/Resim11.jpg\" alt=\"\" class=\"wp-image-2254 size-full\" srcset=\"https:\/\/ir.bilkent.edu.tr\/wp-content\/uploads\/2024\/02\/Resim11.jpg 715w, https:\/\/ir.bilkent.edu.tr\/wp-content\/uploads\/2024\/02\/Resim11-300x300.jpg 300w, https:\/\/ir.bilkent.edu.tr\/wp-content\/uploads\/2024\/02\/Resim11-150x150.jpg 150w\" sizes=\"(max-width: 715px) 100vw, 715px\" \/><\/figure><div class=\"wp-block-media-text__content\">\n<p><strong>Bilkent IR Talks- Murat Esenli<\/strong><\/p>\n\n\n\n<p>B\u00fcy\u00fckel\u00e7i Murat Esenli<\/p>\n\n\n\n<p>\u201cD\u0131\u015fi\u015fleri Bakanl\u0131\u011f\u0131nda Kariyer\u201d<\/p>\n\n\n\n<p><strong>Tarih &amp; Saat<\/strong>: Aral\u0131k 19, 12:30<\/p>\n\n\n\n<p>A-130<\/p>\n\n\n\n<p><strong>Biyografi:<\/strong>&nbsp;Say\u0131n B\u00fcy\u00fckel\u00e7imiz Murat Esenli, Bakanl\u0131\u011f\u0131m\u0131zdaki g\u00f6revine 1984 y\u0131l\u0131nda Ortado\u011fu ve Afrika Dairesinde ba\u015flam\u0131\u015ft\u0131r. \u0130lk yurtd\u0131\u015f\u0131 g\u00f6revini \u00fclkemizin Va\u015fington B\u00fcy\u00fckel\u00e7ili\u011finde tamamlayan Esenli, sonras\u0131nda BM New York Ofisi Daimi Temsilcili\u011fi ile BM Cenevre Ofisi Daimi Temsilcili\u011fi\u2019nde g\u00f6rev yapm\u0131\u015f, 2009 y\u0131l\u0131nda Pekin B\u00fcy\u00fckel\u00e7isi olarak atanm\u0131\u015ft\u0131r. Sonras\u0131nda Roma B\u00fcy\u00fckel\u00e7ili\u011fi g\u00f6revini \u00fcstlenen Esenli, halen Bakanl\u0131\u011f\u0131m\u0131zda D\u0131\u015f Politika Dan\u0131\u015fma Kurulu \u00dcyesi olarak g\u00f6rev yapmaktad\u0131r. Esenli, evli ve \u00fc\u00e7 \u00e7ocuk babas\u0131d\u0131r.<\/p>\n\n\n\n<p><strong>*Etkinlik dili T\u00fcrk\u00e7e\u2019dir.<\/strong><\/p>\n\n\n\n<p><a href=\"https:\/\/ir.bilkent.edu.tr\/?page_id=2178\" target=\"_blank\" rel=\"noreferrer noopener\"><strong>Follow this link<\/strong><\/a> to learn more about the event. <\/p>\n<\/div><\/div>\n\n\n\n<div style=\"height:75px\" aria-hidden=\"true\" class=\"wp-block-spacer\"><\/div>\n\n\n\n<div class=\"wp-block-media-text alignwide is-stacked-on-mobile\" style=\"grid-template-columns:18% auto\"><figure class=\"wp-block-media-text__media\"><img decoding=\"async\" loading=\"lazy\" width=\"412\" height=\"396\" src=\"https:\/\/ir.bilkent.edu.tr\/wp-content\/uploads\/2023\/12\/Resim1.jpg\" alt=\"\" class=\"wp-image-2208 size-full\" srcset=\"https:\/\/ir.bilkent.edu.tr\/wp-content\/uploads\/2023\/12\/Resim1.jpg 412w, https:\/\/ir.bilkent.edu.tr\/wp-content\/uploads\/2023\/12\/Resim1-300x288.jpg 300w\" sizes=\"(max-width: 412px) 100vw, 412px\" \/><\/figure><div class=\"wp-block-media-text__content\">\n<p><strong>Bilkent IR Talks- \u00c7a\u011fla K\u0131l\u0131\u00e7<\/strong><\/p>\n\n\n\n<p>\u00c7a\u011fla K\u0131l\u0131\u00e7<\/p>\n\n\n\n<p>Arizona State University<\/p>\n\n\n\n<p>\u201cA Role Theoretic Approach to Grand Strategies: Explaining the Composition of Grand Strategy Over Time in China\u201d<\/p>\n\n\n\n<p>Date &amp; Time: December 15, 12:30<\/p>\n\n\n\n<p>Place: A-130<\/p>\n\n\n\n<p><a href=\"https:\/\/ir.bilkent.edu.tr\/?page_id=2157\" target=\"_blank\" rel=\"noreferrer noopener\"><strong>Follow this link<\/strong><\/a> to learn more about the event. <\/p>\n<\/div><\/div>\n\n\n\n<div style=\"height:75px\" aria-hidden=\"true\" class=\"wp-block-spacer\"><\/div>\n\n\n\n<div class=\"wp-block-media-text alignwide is-stacked-on-mobile\" style=\"grid-template-columns:18% auto\"><figure class=\"wp-block-media-text__media\"><img decoding=\"async\" loading=\"lazy\" width=\"338\" height=\"338\" src=\"https:\/\/ir.bilkent.edu.tr\/wp-content\/uploads\/2023\/12\/Resim1-1.png\" alt=\"\" class=\"wp-image-2207 size-full\" srcset=\"https:\/\/ir.bilkent.edu.tr\/wp-content\/uploads\/2023\/12\/Resim1-1.png 338w, https:\/\/ir.bilkent.edu.tr\/wp-content\/uploads\/2023\/12\/Resim1-1-300x300.png 300w, https:\/\/ir.bilkent.edu.tr\/wp-content\/uploads\/2023\/12\/Resim1-1-150x150.png 150w\" sizes=\"(max-width: 338px) 100vw, 338px\" \/><\/figure><div class=\"wp-block-media-text__content\">\n<p><strong>Bilkent IR Talks- \u0130pek Ece \u015eener<\/strong><\/p>\n\n\n\n<p>\u0130pek Ece \u015eener<\/p>\n\n\n\n<p>Washington University in St. Louis<\/p>\n\n\n\n<p>Title: \u201cState Oppression, Activist Propaganda, and Support for Militancy\u201d<\/p>\n\n\n\n<p>Date &amp; Time: December 8, 12:30<\/p>\n\n\n\n<p>Place: A-130<\/p>\n\n\n\n<p><a href=\"https:\/\/ir.bilkent.edu.tr\/?page_id=2132\"><strong>Follow this link<\/strong><\/a> to learn more about the event. <\/p>\n<\/div><\/div>\n\n\n\n<div style=\"height:75px\" aria-hidden=\"true\" class=\"wp-block-spacer\"><\/div>\n\n\n\n<div class=\"wp-block-media-text alignwide is-stacked-on-mobile\" style=\"grid-template-columns:18% auto\"><figure class=\"wp-block-media-text__media\"><img decoding=\"async\" loading=\"lazy\" width=\"725\" height=\"1024\" src=\"https:\/\/ir.bilkent.edu.tr\/wp-content\/uploads\/2023\/12\/61aZHhzxKnL._SL1168_-725x1024.jpg\" alt=\"\" class=\"wp-image-2205 size-full\" srcset=\"https:\/\/ir.bilkent.edu.tr\/wp-content\/uploads\/2023\/12\/61aZHhzxKnL._SL1168_-725x1024.jpg 725w, https:\/\/ir.bilkent.edu.tr\/wp-content\/uploads\/2023\/12\/61aZHhzxKnL._SL1168_-212x300.jpg 212w, https:\/\/ir.bilkent.edu.tr\/wp-content\/uploads\/2023\/12\/61aZHhzxKnL._SL1168_-768x1085.jpg 768w, https:\/\/ir.bilkent.edu.tr\/wp-content\/uploads\/2023\/12\/61aZHhzxKnL._SL1168_.jpg 827w\" sizes=\"(max-width: 725px) 100vw, 725px\" \/><\/figure><div class=\"wp-block-media-text__content\">\n<p><strong>Bilkent IR Book Talks 2<\/strong><\/p>\n\n\n\n<p>Binnur \u00d6zke\u00e7eci-Taner &amp; Sinem Akg\u00fcl-A\u00e7\u0131kme\u015fe<\/p>\n\n\n\n<p>Hamline University &amp;&nbsp;Kadir Has University<\/p>\n\n\n\n<p>\u201c<em>One Hundred Years of Turkish Foreign Policy (1923-2023) Historical and Theoretical Reflections<\/em>\u201c<\/p>\n\n\n\n<p>Date &amp; Time:<strong> <\/strong>December 5, 15:30<\/p>\n\n\n\n<p>Place: A-130<\/p>\n\n\n\n<p><a href=\"https:\/\/ir.bilkent.edu.tr\/?page_id=2122\"><strong>Follow this link<\/strong><\/a> to learn more about the event.<\/p>\n\n\n\n<p><strong><a href=\"https:\/\/bilkentnews.bilkent.edu.tr\/?p=6035\">Bilkent News<\/a><\/strong><\/p>\n<\/div><\/div>\n\n\n\n<div style=\"height:75px\" aria-hidden=\"true\" class=\"wp-block-spacer\"><\/div>\n\n\n\n<div class=\"wp-block-media-text alignwide is-stacked-on-mobile\" style=\"grid-template-columns:18% auto\"><figure class=\"wp-block-media-text__media\"><img decoding=\"async\" loading=\"lazy\" width=\"819\" height=\"1024\" src=\"https:\/\/ir.bilkent.edu.tr\/wp-content\/uploads\/2023\/12\/Giray-819x1024.jpg\" alt=\"\" class=\"wp-image-2162 size-full\" srcset=\"https:\/\/ir.bilkent.edu.tr\/wp-content\/uploads\/2023\/12\/Giray-819x1024.jpg 819w, https:\/\/ir.bilkent.edu.tr\/wp-content\/uploads\/2023\/12\/Giray-240x300.jpg 240w, https:\/\/ir.bilkent.edu.tr\/wp-content\/uploads\/2023\/12\/Giray-768x960.jpg 768w, https:\/\/ir.bilkent.edu.tr\/wp-content\/uploads\/2023\/12\/Giray-1229x1536.jpg 1229w, https:\/\/ir.bilkent.edu.tr\/wp-content\/uploads\/2023\/12\/Giray-1639x2048.jpg 1639w, https:\/\/ir.bilkent.edu.tr\/wp-content\/uploads\/2023\/12\/Giray-scaled.jpg 2048w\" sizes=\"(max-width: 819px) 100vw, 819px\" \/><\/figure><div class=\"wp-block-media-text__content\">\n<p><strong>Bilkent IR Talks &#8211; Burak Giray<\/strong><\/p>\n\n\n\n<p>Burak Giray<\/p>\n\n\n\n<p>Hertie School&nbsp;<\/p>\n\n\n\n<p>&#8220;Troop-providers&#8217; ideational commitment to UN peacekeeping and effectiveness\u201d<\/p>\n\n\n\n<p>Date &amp; Time:<strong>&nbsp;<\/strong>Monday, December 4th, 12.30<\/p>\n\n\n\n<p>Place:&nbsp;A-130<br><br><a href=\"https:\/\/ir.bilkent.edu.tr\/?page_id=2100\" data-type=\"URL\" data-id=\"https:\/\/ir.bilkent.edu.tr\/?page_id=2100\"><strong>Follow this link<\/strong><\/a> to learn more about the event.<\/p>\n\n\n\n<p><\/p>\n<\/div><\/div>\n\n\n\n<div style=\"height:75px\" aria-hidden=\"true\" class=\"wp-block-spacer\"><\/div>\n\n\n\n<div class=\"wp-block-media-text alignwide is-stacked-on-mobile\" style=\"grid-template-columns:18% auto\"><figure class=\"wp-block-media-text__media\"><img decoding=\"async\" loading=\"lazy\" width=\"540\" height=\"502\" src=\"https:\/\/ir.bilkent.edu.tr\/wp-content\/uploads\/2023\/12\/Resim1.png\" alt=\"\" class=\"wp-image-2146 size-full\" srcset=\"https:\/\/ir.bilkent.edu.tr\/wp-content\/uploads\/2023\/12\/Resim1.png 540w, https:\/\/ir.bilkent.edu.tr\/wp-content\/uploads\/2023\/12\/Resim1-300x279.png 300w\" sizes=\"(max-width: 540px) 100vw, 540px\" \/><\/figure><div class=\"wp-block-media-text__content\">\n<p><strong>Bilkent IR Talks &#8211; Mark Berlin<\/strong><\/p>\n\n\n\n<p>Mark Berlin<\/p>\n\n\n\n<p>George Washington University<\/p>\n\n\n\n<p>&#8220;Why Armed Groups Adopt Extra-Lethal Violence: Evidence from the Jihadist Movement\u201d<\/p>\n\n\n\n<p>Date &amp; Time: December 1, 12:30<\/p>\n\n\n\n<p>Place: A-130<\/p>\n\n\n\n<p><strong><a rel=\"noreferrer noopener\" href=\"https:\/\/ir.bilkent.edu.tr\/?page_id=2047\" data-type=\"URL\" data-id=\"https:\/\/ir.bilkent.edu.tr\/?page_id=2047\" target=\"_blank\">Follow this link<\/a> <\/strong>to learn more about the event.<\/p>\n<\/div><\/div>\n\n\n\n<div style=\"height:75px\" aria-hidden=\"true\" class=\"wp-block-spacer\"><\/div>\n\n\n\n<div class=\"wp-block-media-text alignwide is-stacked-on-mobile\" style=\"grid-template-columns:18% auto\"><figure class=\"wp-block-media-text__media\"><img decoding=\"async\" loading=\"lazy\" width=\"768\" height=\"576\" src=\"https:\/\/ir.bilkent.edu.tr\/wp-content\/uploads\/2023\/12\/tusi-wen-photo.jpg\" alt=\"\" class=\"wp-image-2143 size-full\" srcset=\"https:\/\/ir.bilkent.edu.tr\/wp-content\/uploads\/2023\/12\/tusi-wen-photo.jpg 768w, https:\/\/ir.bilkent.edu.tr\/wp-content\/uploads\/2023\/12\/tusi-wen-photo-300x225.jpg 300w\" sizes=\"(max-width: 768px) 100vw, 768px\" \/><\/figure><div class=\"wp-block-media-text__content\">\n<p><strong>Bilkent IR Talks &#8211; Tusi (\u00dcndes) Wen<\/strong><\/p>\n\n\n\n<p>Tusi (\u00dcndes) Wen<\/p>\n\n\n\n<p>Duke University<\/p>\n\n\n\n<p><strong>&#8220;<\/strong>Wrestling with the Strong: Crisis Bargaining and Authoritarian Politics under Power Asymmetry&#8221;<\/p>\n\n\n\n<p>Date &amp; Time: November 28, 12:30<\/p>\n\n\n\n<p>Place: A-130<\/p>\n\n\n\n<p><a rel=\"noreferrer noopener\" href=\"https:\/\/ir.bilkent.edu.tr\/?page_id=2042\" data-type=\"URL\" data-id=\"https:\/\/ir.bilkent.edu.tr\/?page_id=2042\" target=\"_blank\"><strong>Follow this link<\/strong><\/a> to learn more about the event.<\/p>\n\n\n\n<p><\/p>\n<\/div><\/div>\n\n\n\n<div style=\"height:75px\" aria-hidden=\"true\" class=\"wp-block-spacer\"><\/div>\n\n\n\n<div class=\"wp-block-media-text alignwide is-stacked-on-mobile\" style=\"grid-template-columns:18% auto\"><figure class=\"wp-block-media-text__media\"><img decoding=\"async\" loading=\"lazy\" width=\"720\" height=\"864\" src=\"https:\/\/ir.bilkent.edu.tr\/wp-content\/uploads\/2023\/12\/125007_web.jpg\" alt=\"\" class=\"wp-image-2138 size-full\" srcset=\"https:\/\/ir.bilkent.edu.tr\/wp-content\/uploads\/2023\/12\/125007_web.jpg 720w, https:\/\/ir.bilkent.edu.tr\/wp-content\/uploads\/2023\/12\/125007_web-250x300.jpg 250w\" sizes=\"(max-width: 720px) 100vw, 720px\" \/><\/figure><div class=\"wp-block-media-text__content\">\n<p><strong>Bilkent IR Book Talks &#8211; Dr. Paul F. Diehl<\/strong><\/p>\n\n\n\n<p>University of Illinois Ashbel Smith Professor Emeritus of Political Science,&nbsp;University of Texas-Dallas<\/p>\n\n\n\n<p>\u201cWhen Peacekeeping Missions Collide: Balancing Multiple Roles in Peace Operations\u201d<\/p>\n\n\n\n<p>Day &amp; Time: November 2, 16:00<\/p>\n\n\n\n<p>Location: Zoom<\/p>\n\n\n\n<p><a href=\"https:\/\/ir.bilkent.edu.tr\/?page_id=1962\" data-type=\"URL\" data-id=\"https:\/\/ir.bilkent.edu.tr\/?page_id=1962\"><strong>Follow this link<\/strong><\/a> to learn more about the event.<\/p>\n<\/div><\/div>\n\n\n\n<div style=\"height:75px\" aria-hidden=\"true\" class=\"wp-block-spacer\"><\/div>\n\n\n\n<div class=\"wp-block-media-text alignwide is-stacked-on-mobile is-image-fill\" style=\"grid-template-columns:18% auto\"><figure class=\"wp-block-media-text__media\" style=\"background-image:url(https:\/\/ir.bilkent.edu.tr\/wp-content\/uploads\/2023\/10\/IMG_20231021_201304-576x1024.jpg);background-position:50% 50%\"><img decoding=\"async\" loading=\"lazy\" width=\"576\" height=\"1024\" src=\"https:\/\/ir.bilkent.edu.tr\/wp-content\/uploads\/2023\/10\/IMG_20231021_201304-576x1024.jpg\" alt=\"\" class=\"wp-image-1955 size-full\" srcset=\"https:\/\/ir.bilkent.edu.tr\/wp-content\/uploads\/2023\/10\/IMG_20231021_201304-576x1024.jpg 576w, https:\/\/ir.bilkent.edu.tr\/wp-content\/uploads\/2023\/10\/IMG_20231021_201304-169x300.jpg 169w, https:\/\/ir.bilkent.edu.tr\/wp-content\/uploads\/2023\/10\/IMG_20231021_201304.jpg 750w\" sizes=\"(max-width: 576px) 100vw, 576px\" \/><\/figure><div class=\"wp-block-media-text__content\">\n<p><strong>Turkish Foreign Policy on the 100th Anniversary of the Republic<\/strong><\/p>\n\n\n\n<p>On October 9, the Department of International Relations, in cooperation with Ankara Policy Center and the Center for Foreign Policy and Peace Research, held a conference titled \u201cTurkish Foreign Policy on the 100th Anniversary of the Republic: A Reckoning and the Future.\u201d <\/p>\n\n\n\n<p>The conference provided an opportunity for students to come together with prominent scholars of the field to review Turkish foreign policy and to commemorate the Turkish Republic\u2019s 100th Anniversary.<\/p>\n\n\n\n<p><a href=\"https:\/\/bilkentnews.bilkent.edu.tr\/?p=5357\">Bilkent News<\/a><\/p>\n\n\n\n<p><a rel=\"noreferrer noopener\" href=\"https:\/\/ir.bilkent.edu.tr\/?page_id=1945\" data-type=\"URL\" data-id=\"https:\/\/ir.bilkent.edu.tr\/?page_id=1945\" target=\"_blank\"><strong>Follow this link<\/strong><\/a> to learn more about the event.<\/p>\n<\/div><\/div>\n\n\n\n<div style=\"height:75px\" aria-hidden=\"true\" class=\"wp-block-spacer\"><\/div>\n\n\n\n<div class=\"wp-block-media-text alignwide is-stacked-on-mobile is-image-fill\" style=\"grid-template-columns:18% auto\"><figure class=\"wp-block-media-text__media\" style=\"background-image:url(https:\/\/ir.bilkent.edu.tr\/wp-content\/uploads\/2023\/11\/IR-Posterleri-deneme-event-2-802x1024.jpg);background-position:39% 52%\"><img decoding=\"async\" loading=\"lazy\" width=\"802\" height=\"1024\" src=\"https:\/\/ir.bilkent.edu.tr\/wp-content\/uploads\/2023\/11\/IR-Posterleri-deneme-event-2-802x1024.jpg\" alt=\"\" class=\"wp-image-1988 size-full\" srcset=\"https:\/\/ir.bilkent.edu.tr\/wp-content\/uploads\/2023\/11\/IR-Posterleri-deneme-event-2-802x1024.jpg 802w, https:\/\/ir.bilkent.edu.tr\/wp-content\/uploads\/2023\/11\/IR-Posterleri-deneme-event-2-235x300.jpg 235w, https:\/\/ir.bilkent.edu.tr\/wp-content\/uploads\/2023\/11\/IR-Posterleri-deneme-event-2-768x980.jpg 768w, https:\/\/ir.bilkent.edu.tr\/wp-content\/uploads\/2023\/11\/IR-Posterleri-deneme-event-2-1204x1536.jpg 1204w, https:\/\/ir.bilkent.edu.tr\/wp-content\/uploads\/2023\/11\/IR-Posterleri-deneme-event-2-1605x2048.jpg 1605w, https:\/\/ir.bilkent.edu.tr\/wp-content\/uploads\/2023\/11\/IR-Posterleri-deneme-event-2.jpg 1770w\" sizes=\"(max-width: 802px) 100vw, 802px\" \/><\/figure><div class=\"wp-block-media-text__content\">\n<p><strong>Honoring Prof. Karaosmano\u011flu<\/strong><\/p>\n\n\n\n<p>The Department of International Relations organized an event in June to honor Prof. Ali Karaosmano\u011flu, who served as chair of the department from 1988 to 2007. During the event, Prof. Karaosmano\u011flu, Rector K\u00fcr\u015fat Aydo\u011fan, FEASS Dean Refet G\u00fcrkaynak, Prof. Ersel Ayd\u0131nl\u0131 and IR Department Chair \u00d6zg\u00fcr \u00d6zdamar gave speeches. Prof. Karaosmano\u011flu expressed his gratitude to Prof. \u0130hsan Do\u011framac\u0131 and Prof. Ali Do\u011framac\u0131 for their encouraging attitudes towards research. He thanked them for their support in establishing the Center for Foreign Policy and Peace Research periodical All Azimuth as well as for their contributions to advance the IR department. The second half of the event proceeded with Prof. Ayd\u0131nl\u0131\u2019s moderation as Prof. Karaosmano\u011flu shared his views on international relations discipline. Prof. Karaosmano\u011flu emphasized the necessity of reconnecting IR with its roots, such as philosophy, history and law. He stressed the importance of understanding history to fully comprehend the theoretical basis of international relations and to minimize the possible alterations and prejudices in the field. A video documentary of the event and speeches will be broadcast on the IR Department\u2019s Youtube Channel in September 2023.<\/p>\n\n\n\n<p><a href=\"https:\/\/bilkentnews.bilkent.edu.tr\/?p=5040\" target=\"_blank\" rel=\"noreferrer noopener\">Bilkent News<\/a><\/p>\n<\/div><\/div>\n\n\n\n<div style=\"height:75px\" aria-hidden=\"true\" class=\"wp-block-spacer\"><\/div>\n\n\n\n<div class=\"wp-block-media-text alignwide is-stacked-on-mobile is-image-fill\" style=\"grid-template-columns:18% auto\"><figure class=\"wp-block-media-text__media\" style=\"background-image:url(https:\/\/ir.bilkent.edu.tr\/wp-content\/uploads\/2023\/05\/8f735c04d325d1f6201373d7589a12f4.jpgthumbnail.jpg);background-position:50% 50%\"><img decoding=\"async\" loading=\"lazy\" width=\"150\" height=\"150\" src=\"https:\/\/ir.bilkent.edu.tr\/wp-content\/uploads\/2023\/05\/8f735c04d325d1f6201373d7589a12f4.jpgthumbnail.jpg\" alt=\"\" class=\"wp-image-969 size-full\"\/><\/figure><div class=\"wp-block-media-text__content\">\n<p><strong>Bilkent IR Talks, Spring 2023 &#8211; 5<\/strong><\/p>\n\n\n\n<p>Yekta \u00d6zc\u00f6mert<br>Co-Founder of MobileAction.co &amp; SearchAds.com<\/p>\n\n\n\n<p>&#8220;From Startup to Global Leader: The MobileAction Story and Opportunities for Future Leaders&#8221;<\/p>\n\n\n\n<p>Date: Thursday, May 4th, 12.30<br>Location: FFB-22<\/p>\n\n\n\n<p><a href=\"https:\/\/ir.bilkent.edu.tr\/?page_id=971\" target=\"_blank\" rel=\"noreferrer noopener\"><strong>Follow this link<\/strong><\/a> to learn more about the event.<\/p>\n<\/div><\/div>\n\n\n\n<div style=\"height:75px\" aria-hidden=\"true\" class=\"wp-block-spacer\"><\/div>\n\n\n\n<div class=\"wp-block-media-text alignwide is-stacked-on-mobile is-image-fill\" style=\"grid-template-columns:18% auto\"><figure class=\"wp-block-media-text__media\" style=\"background-image:url(https:\/\/ir.bilkent.edu.tr\/wp-content\/uploads\/2023\/04\/db51a372f67892ae97667b020abaca99.jpg);background-position:50% 50%\"><img decoding=\"async\" loading=\"lazy\" width=\"310\" height=\"206\" src=\"https:\/\/ir.bilkent.edu.tr\/wp-content\/uploads\/2023\/04\/db51a372f67892ae97667b020abaca99.jpg\" alt=\"\" class=\"wp-image-761 size-full\" srcset=\"https:\/\/ir.bilkent.edu.tr\/wp-content\/uploads\/2023\/04\/db51a372f67892ae97667b020abaca99.jpg 310w, https:\/\/ir.bilkent.edu.tr\/wp-content\/uploads\/2023\/04\/db51a372f67892ae97667b020abaca99-300x199.jpg 300w\" sizes=\"(max-width: 310px) 100vw, 310px\" \/><\/figure><div class=\"wp-block-media-text__content\">\n<p><strong>Bilkent IR Talks, Spring 2023 &#8211; 4<\/strong><\/p>\n\n\n\n<p>Makito Takei<br>University of North Texas<\/p>\n\n\n\n<p>&#8220;Audience Costs and the Media&#8221;<\/p>\n\n\n\n<p>Date: Monday, 3 April 12.30<br>Location: A-130<\/p>\n\n\n\n<p><strong><a href=\"https:\/\/ir.bilkent.edu.tr\/?page_id=824\">Follow this link<\/a> <\/strong>to learn more about the event.<\/p>\n<\/div><\/div>\n\n\n\n<div style=\"height:75px\" aria-hidden=\"true\" class=\"wp-block-spacer\"><\/div>\n\n\n\n<div class=\"wp-block-media-text alignwide is-stacked-on-mobile is-image-fill\" style=\"grid-template-columns:18% auto\"><figure class=\"wp-block-media-text__media\" style=\"background-image:url(https:\/\/ir.bilkent.edu.tr\/wp-content\/uploads\/2023\/04\/67efdd01dee906728d0003888a7d19cb.jpg);background-position:50% 50%\"><img decoding=\"async\" loading=\"lazy\" width=\"310\" height=\"387\" src=\"https:\/\/ir.bilkent.edu.tr\/wp-content\/uploads\/2023\/04\/67efdd01dee906728d0003888a7d19cb.jpg\" alt=\"\" class=\"wp-image-758 size-full\" srcset=\"https:\/\/ir.bilkent.edu.tr\/wp-content\/uploads\/2023\/04\/67efdd01dee906728d0003888a7d19cb.jpg 310w, https:\/\/ir.bilkent.edu.tr\/wp-content\/uploads\/2023\/04\/67efdd01dee906728d0003888a7d19cb-240x300.jpg 240w\" sizes=\"(max-width: 310px) 100vw, 310px\" \/><\/figure><div class=\"wp-block-media-text__content\">\n<p><strong>Bilkent IR Talks, Spring 2023 &#8211; 3<\/strong><\/p>\n\n\n\n<p>Prof. Benjamin O. Fordham<\/p>\n\n\n\n<p>Binghamton University (SUNY)<\/p>\n\n\n\n<p>&#8220;Race, Trade, and the Demise of Southern Support for Multilateralism in U.S. Foreign Policy, 1945-62&#8221;<\/p>\n\n\n\n<p>Date: Friday, March 31st, 12.30<br>Location: A-130<\/p>\n\n\n\n<p><a href=\"https:\/\/ir.bilkent.edu.tr\/?page_id=975\"><strong>Follow this link<\/strong><\/a> to learn more about the event.<\/p>\n<\/div><\/div>\n\n\n\n<div style=\"height:75px\" aria-hidden=\"true\" class=\"wp-block-spacer\"><\/div>\n\n\n\n<div class=\"wp-block-media-text alignwide is-stacked-on-mobile is-image-fill\" style=\"grid-template-columns:18% auto\"><figure class=\"wp-block-media-text__media\" style=\"background-image:url(https:\/\/ir.bilkent.edu.tr\/wp-content\/uploads\/2023\/04\/8ba6529c75ecb17744943674ca20e80c.jpg);background-position:50% 50%\"><img decoding=\"async\" loading=\"lazy\" width=\"310\" height=\"284\" src=\"https:\/\/ir.bilkent.edu.tr\/wp-content\/uploads\/2023\/04\/8ba6529c75ecb17744943674ca20e80c.jpg\" alt=\"\" class=\"wp-image-754 size-full\" srcset=\"https:\/\/ir.bilkent.edu.tr\/wp-content\/uploads\/2023\/04\/8ba6529c75ecb17744943674ca20e80c.jpg 310w, https:\/\/ir.bilkent.edu.tr\/wp-content\/uploads\/2023\/04\/8ba6529c75ecb17744943674ca20e80c-300x275.jpg 300w\" sizes=\"(max-width: 310px) 100vw, 310px\" \/><\/figure><div class=\"wp-block-media-text__content\">\n<p><strong>Bilkent IR Talks, Spring 2023 &#8211; 2<\/strong><\/p>\n\n\n\n<p>&#8220;Global Historical IR and East Asia&#8221;<\/p>\n\n\n\n<p>University of Southern California and Berggruen Institute<br>Inho Choi<\/p>\n\n\n\n<p>Date: Monday, March 27, 12.30<br>Location: A-130<\/p>\n\n\n\n<p><a href=\"https:\/\/ir.bilkent.edu.tr\/?page_id=975\"><strong>Follow this link<\/strong><\/a> to learn more about the event.<\/p>\n<\/div><\/div>\n\n\n\n<div style=\"height:75px\" aria-hidden=\"true\" class=\"wp-block-spacer\"><\/div>\n\n\n\n<div class=\"wp-block-media-text alignwide is-stacked-on-mobile is-image-fill\" style=\"grid-template-columns:18% auto\"><figure class=\"wp-block-media-text__media\" style=\"background-image:url(https:\/\/ir.bilkent.edu.tr\/wp-content\/uploads\/2023\/04\/85d8ce590ad8981ca2c8286f79f59954.jpgthumbnail.jpg);background-position:50% 50%\"><img decoding=\"async\" loading=\"lazy\" width=\"150\" height=\"225\" src=\"https:\/\/ir.bilkent.edu.tr\/wp-content\/uploads\/2023\/04\/85d8ce590ad8981ca2c8286f79f59954.jpgthumbnail.jpg\" alt=\"\" class=\"wp-image-747 size-full\"\/><\/figure><div class=\"wp-block-media-text__content\">\n<p><strong><strong>Bilkent IR Talks, Spring 2023 &#8211; 1<\/strong><\/strong><\/p>\n\n\n\n<p>Patrick James<br>University of Southern California<\/p>\n\n\n\n<p>\u201cExplanation and Understanding: A Systemist Graphic Engagement of International Relations Theories\u201d<\/p>\n\n\n\n<p>Time: Feb 20, 2023 12:30 PM<br>Venue: A-130<\/p>\n\n\n\n<p><a href=\"https:\/\/ir.bilkent.edu.tr\/?page_id=213\"><strong>Follow this link<\/strong><\/a> to learn more about the event.<\/p>\n<\/div><\/div>\n\n\n\n<div style=\"height:75px\" aria-hidden=\"true\" class=\"wp-block-spacer\"><\/div>\n","protected":false},"excerpt":{"rendered":"<p>Bilkent IR Talks Department of International Relations &amp; Political Science Joint Seminar &#8220;Thinking Globally about World Politics: Case Studies&#8221; Speakers:&nbsp;Monica Herz (PUC-Rio), Karen Smith (University of Leiden), P\u0131nar Bilgin (Bilkent University)Date and Time:&nbsp;September 9, Tuesday, 2025, 15:30-17:00 Place: A-130 Seminar Room, Bilkent University, Ankara Follow this link to learn more about the event. Bilkent IR&hellip;<\/p>\n","protected":false},"author":1,"featured_media":0,"parent":0,"menu_order":0,"comment_status":"closed","ping_status":"closed","template":"","meta":[],"_links":{"self":[{"href":"https:\/\/ir.bilkent.edu.tr\/index.php?rest_route=\/wp\/v2\/pages\/618"}],"collection":[{"href":"https:\/\/ir.bilkent.edu.tr\/index.php?rest_route=\/wp\/v2\/pages"}],"about":[{"href":"https:\/\/ir.bilkent.edu.tr\/index.php?rest_route=\/wp\/v2\/types\/page"}],"author":[{"embeddable":true,"href":"https:\/\/ir.bilkent.edu.tr\/index.php?rest_route=\/wp\/v2\/users\/1"}],"replies":[{"embeddable":true,"href":"https:\/\/ir.bilkent.edu.tr\/index.php?rest_route=%2Fwp%2Fv2%2Fcomments&post=618"}],"version-history":[{"count":150,"href":"https:\/\/ir.bilkent.edu.tr\/index.php?rest_route=\/wp\/v2\/pages\/618\/revisions"}],"predecessor-version":[{"id":4135,"href":"https:\/\/ir.bilkent.edu.tr\/index.php?rest_route=\/wp\/v2\/pages\/618\/revisions\/4135"}],"wp:attachment":[{"href":"https:\/\/ir.bilkent.edu.tr\/index.php?rest_route=%2Fwp%2Fv2%2Fmedia&parent=618"}],"curies":[{"name":"wp","href":"https:\/\/api.w.org\/{rel}","templated":true}]}}