{"id":4251,"date":"2026-09-05T09:36:56","date_gmt":"2026-09-05T06:36:56","guid":{"rendered":"https:\/\/ir.bilkent.edu.tr\/?page_id=4251"},"modified":"2026-09-05T09:55:32","modified_gmt":"2026-09-05T06:55:32","slug":"aci-kaybimiz-prof-dr-duygu-bazoglu-sezeraci-kaybimiz","status":"publish","type":"page","link":"https:\/\/ir.bilkent.edu.tr\/?page_id=4251","title":{"rendered":"Ac\u0131 Kayb\u0131m\u0131z &#8211; Prof. Dr. Duygu Bazo\u011flu Sezer"},"content":{"rendered":"\n<p>Ac\u0131 Kayb\u0131m\u0131z\u2026 \u0130ktisadi, \u0130dari ve Sosyal Bilimler Fak\u00fcltesi Uluslararas\u0131 \u0130li\u015fkiler B\u00f6l\u00fcm\u00fc emekli \u00f6\u011fretim \u00fcyesi Prof. Dr. Duygu Bazo\u011flu Sezer\u2019i kaybettik.<\/p>\n\n\n\n<p>\u0130ktisadi, \u0130dari ve Sosyal Bilimler Fak\u00fcltesi Uluslararas\u0131 \u0130li\u015fkiler b\u00f6l\u00fcm\u00fcn\u00fcn kurucu b\u00f6l\u00fcm ba\u015fkan\u0131 01.10.1986 \u2013 31.05.2011 y\u0131llar\u0131 aras\u0131nda g\u00f6rev yapm\u0131\u015f de\u011ferli Prof. Dr. Duygu Bazo\u011flu Sezer\u2019in vefat etti\u011fini derin bir \u00fcz\u00fcnt\u00fcyle \u00f6\u011frenmi\u015f bulunuyoruz.<\/p>\n\n\n\n<p>Merhumeye rahmet, ailesine, t\u00fcm yak\u0131nlar\u0131na, \u00f6\u011frencilerine ve Bilkent camias\u0131na ba\u015fsa\u011fl\u0131\u011f\u0131 dileriz.<\/p>\n\n\n\n<p>Cenaze, 6 Eyl\u00fcl 2026 Pazar g\u00fcn\u00fc Zincirlikuyu Camiinde k\u0131l\u0131nacak ikindi namaz\u0131n\u0131 m\u00fcteakip, Zincirlikuyu Mezarl\u0131\u011f\u0131\u2019nda defnedilecektir.<\/p>\n\n\n\n<p>Prof. Dr. Duygu Bazo\u011flu Sezer an\u0131s\u0131na payla\u015fmak istedi\u011finiz taziye mesajlar\u0131n\u0131z\u0131 dijital taziye defteri arac\u0131l\u0131\u011f\u0131yla iletebilirsiniz.<br><a href=\"https:\/\/taziye.bilkent.edu.tr\" target=\"_blank\" rel=\"noreferrer noopener\">taziye.bilkent.edu.tr<\/a><\/p>\n\n\n\n<p><\/p>\n","protected":false},"excerpt":{"rendered":"<p>Ac\u0131 Kayb\u0131m\u0131z\u2026 \u0130ktisadi, \u0130dari ve Sosyal Bilimler Fak\u00fcltesi Uluslararas\u0131 \u0130li\u015fkiler B\u00f6l\u00fcm\u00fc emekli \u00f6\u011fretim \u00fcyesi Prof. Dr. Duygu Bazo\u011flu Sezer\u2019i kaybettik. \u0130ktisadi, \u0130dari ve Sosyal Bilimler Fak\u00fcltesi Uluslararas\u0131 \u0130li\u015fkiler b\u00f6l\u00fcm\u00fcn\u00fcn kurucu b\u00f6l\u00fcm ba\u015fkan\u0131 01.10.1986 \u2013 31.05.2011 y\u0131llar\u0131 aras\u0131nda g\u00f6rev yapm\u0131\u015f de\u011ferli Prof. Dr. Duygu Bazo\u011flu Sezer\u2019in vefat etti\u011fini derin bir \u00fcz\u00fcnt\u00fcyle \u00f6\u011frenmi\u015f bulunuyoruz. Merhumeye rahmet, ailesine,&hellip;<\/p>\n","protected":false},"author":1,"featured_media":4257,"parent":0,"menu_order":0,"comment_status":"closed","ping_status":"closed","template":"","meta":[],"_links":{"self":[{"href":"https:\/\/ir.bilkent.edu.tr\/index.php?rest_route=\/wp\/v2\/pages\/4251"}],"collection":[{"href":"https:\/\/ir.bilkent.edu.tr\/index.php?rest_route=\/wp\/v2\/pages"}],"about":[{"href":"https:\/\/ir.bilkent.edu.tr\/index.php?rest_route=\/wp\/v2\/types\/page"}],"author":[{"embeddable":true,"href":"https:\/\/ir.bilkent.edu.tr\/index.php?rest_route=\/wp\/v2\/users\/1"}],"replies":[{"embeddable":true,"href":"https:\/\/ir.bilkent.edu.tr\/index.php?rest_route=%2Fwp%2Fv2%2Fcomments&post=4251"}],"version-history":[{"count":3,"href":"https:\/\/ir.bilkent.edu.tr\/index.php?rest_route=\/wp\/v2\/pages\/4251\/revisions"}],"predecessor-version":[{"id":4256,"href":"https:\/\/ir.bilkent.edu.tr\/index.php?rest_route=\/wp\/v2\/pages\/4251\/revisions\/4256"}],"wp:featuredmedia":[{"embeddable":true,"href":"https:\/\/ir.bilkent.edu.tr\/index.php?rest_route=\/wp\/v2\/media\/4257"}],"wp:attachment":[{"href":"https:\/\/ir.bilkent.edu.tr\/index.php?rest_route=%2Fwp%2Fv2%2Fmedia&parent=4251"}],"curies":[{"name":"wp","href":"https:\/\/api.w.org\/{rel}","templated":true}]}}